{"id":161,"date":"2016-12-10T10:53:10","date_gmt":"2016-12-10T09:53:10","guid":{"rendered":"http:\/\/veloclubfaumont.fr\/?page_id=161"},"modified":"2017-05-26T21:09:58","modified_gmt":"2017-05-26T19:09:58","slug":"seconde-ronde-de-la-fraise-2016","status":"publish","type":"page","link":"https:\/\/veloclubfaumont.fr\/index.php\/2016-2\/seconde-ronde-de-la-fraise-2016\/","title":{"rendered":"Seconde Ronde de la Fraise 2016"},"content":{"rendered":"<div class=\"mep_standard7\">\n<div class=\"meps_bloc_tbl\">\n<div class=\"meps_bloc_tbl_rw\">\n<div style=\"text-align: left;\" align=\"center\"><strong>NOTE du 24 mai 2017<\/strong> : <em>La Ronde de la Fraise sera d\u00e9sormais annul\u00e9e et remplac\u00e9e par la <a href=\"https:\/\/veloclubfaumont.fr\/index.php\/2017-2\/rando-nocturne-vtt-de-faumont\/\">Nocturne VTT<\/a> du 25 ao\u00fbt 2017.<\/em><\/div>\n<div style=\"text-align: left;\" align=\"center\">&nbsp;<\/div>\n<div class=\"meps_bloc_tbl_cll\">\n<div align=\"center\">\n<div align=\"center\"><img decoding=\"async\" src=\"http:\/\/i1.wp.com\/www.chtisite.net\/wp-content\/uploads\/2016\/02\/Ronde-de-la-Fraise-Cyclo-2016-Faumont-59.jpg?fit=12401748\"><\/div>\n<\/div>\n<div align=\"center\">\n<div class=\"mep_standard1\">\n<div class=\"meps_bloc_tbl\">\n<div class=\"meps_bloc_tbl_rw\">\n<div class=\"meps_bloc_tbl_cll\">Voici ci-dessous les diff\u00e9rentes balades que nous vous proposerons ce dimanche 29 mai 2016 :<\/div>\n<\/div>\n<\/div>\n<\/div>\n<div class=\"mep_standard1\">\n<div class=\"meps_bloc_tbl\">\n<div class=\"meps_bloc_tbl_rw\">\n<div class=\"meps_bloc_tbl_cll\">\n<div align=\"center\"><img decoding=\"async\" src=\"http:\/\/img15.hostingpics.net\/pics\/362301parcoursitinraires.jpg\"><\/div>\n<\/div>\n<\/div>\n<\/div>\n<\/div>\n<\/div>\n<\/div>\n<\/div>\n<\/div>\n<\/div>\n<div align=\"center\">&nbsp;<\/div>\n<div align=\"center\">&nbsp;<\/div>\n<div style=\"text-align: justify;\" align=\"center\">\n<div class=\"mep_standard8\">\n<ul>\n<li style=\"text-align: left;\"><strong>Accueil \u00e0 la salle des F\u00eates par le V\u00e9loclub Faumontois<br \/>\n<\/strong><a href=\"https:\/\/goo.gl\/photos\/RxkfZ4kqPs5xCVAX6\" target=\"_blank\" rel=\"noopener noreferrer\">Photos sur Google +<\/a><\/p>\n<div style=\"text-align: left;\" align=\"center\"><a href=\"https:\/\/www.facebook.com\/1528374570756772\/photos\/?tab=album&amp;album_id=1693063334287894\" target=\"_blank\" rel=\"noopener noreferrer\">Photos sur facebook<\/a><\/div>\n<\/li>\n<\/ul>\n<\/div>\n<div class=\"mep_standard1\">\n<div class=\"meps_bloc_tbl\">\n<div class=\"meps_bloc_tbl_rw\">\n<div class=\"meps_bloc_tbl_cll\">\n<div style=\"text-align: center;\"><img decoding=\"async\" src=\"http:\/\/img15.hostingpics.net\/pics\/336779rdf2016.jpg\"><\/div>\n<div>&nbsp;<\/div>\n<\/div>\n<\/div>\n<\/div>\n<\/div>\n<div class=\"mep_standard8\">\n<ul>\n<li style=\"text-align: left;\"><strong>Arriv\u00e9e \u00e0 la salle (partie 1)<br \/>\n<\/strong><a href=\"https:\/\/goo.gl\/photos\/phbmQAibbCT7k3nf9\" target=\"_blank\" rel=\"noopener noreferrer\">Lien Google+<\/a><\/p>\n<div><a href=\"https:\/\/www.facebook.com\/1528374570756772\/photos\/?tab=album&amp;album_id=1693161974278030\" target=\"_blank\" rel=\"noopener noreferrer\">Lien Facebook<\/a><\/div>\n<\/li>\n<\/ul>\n<\/div>\n<div class=\"mep_standard1\">\n<div class=\"meps_bloc_tbl\">\n<div class=\"meps_bloc_tbl_rw\">\n<div class=\"meps_bloc_tbl_cll\">\n<div align=\"center\"><img decoding=\"async\" src=\"http:\/\/img11.hostingpics.net\/pics\/795515DSC0125.jpg\"><\/div>\n<\/div>\n<\/div>\n<\/div>\n<\/div>\n<div id=\"wctamre0\" class=\"wctamre\">&nbsp;<\/div>\n<div class=\"mep_standard8\">\n<ul>\n<li><strong>Arriv\u00e9e \u00e0 la salle (suite et fin)<\/strong><\/li>\n<\/ul>\n<p><a href=\"https:\/\/goo.gl\/photos\/yzn4xAfQBUqSzjM98\" target=\"_blank\" rel=\"noopener noreferrer\">Lien Google+<br \/>\n<\/a><a href=\"https:\/\/www.facebook.com\/VC-Faumont-1528374570756772\/photos\/?tab=album&amp;album_id=1693170924277135\" target=\"_blank\" rel=\"noopener noreferrer\">Lien Facebook<\/a><\/p>\n<\/div>\n<div class=\"mep_standard1\">\n<div class=\"meps_bloc_tbl\">\n<div class=\"meps_bloc_tbl_rw\">\n<div class=\"meps_bloc_tbl_cll\">\n<div>\n<div class=\"meps_bloc_tbl_cll\">\n<div align=\"center\"><img decoding=\"async\" src=\"http:\/\/img11.hostingpics.net\/pics\/669200DSC0293.jpg\"><\/div>\n<\/div>\n<\/div>\n<\/div>\n<\/div>\n<\/div>\n<\/div>\n<div class=\"mep_standard8\">\n<ul>\n<li><strong>Sur la route&#8230;<\/strong><\/li>\n<\/ul>\n<\/div>\n<div class=\"mep_standard1\">\n<div class=\"meps_bloc_tbl\">\n<div class=\"meps_bloc_tbl_rw\">\n<div class=\"meps_bloc_tbl_cll\">\n<div><a href=\"https:\/\/goo.gl\/photos\/6bXFH2dmac1eqr6X7\" target=\"_blank\" rel=\"noopener noreferrer\">Lien Google+<\/a><br \/>\n<a href=\"https:\/\/www.facebook.com\/VC-Faumont-1528374570756772\/photos\/?tab=album&amp;album_id=1693183024275925\" target=\"_top\">Lien Facebook<\/a><\/div>\n<\/div>\n<div class=\"meps_bloc_tbl_cll\">\n<div align=\"center\"><img decoding=\"async\" src=\"http:\/\/img11.hostingpics.net\/pics\/943199DSC0599.jpg\"><\/div>\n<\/div>\n<\/div>\n<\/div>\n<\/div>\n<div id=\"wctamre1\" class=\"wctamre\">&nbsp;<\/div>\n<div class=\"mep_standard8\">\n<ul>\n<li><strong>Retour \u00e0 la salle<\/strong><\/li>\n<\/ul>\n<\/div>\n<div class=\"mep_standard1\">\n<div class=\"meps_bloc_tbl\">\n<div class=\"meps_bloc_tbl_rw\">\n<div class=\"meps_bloc_tbl_cll\">\n<div><a href=\"https:\/\/goo.gl\/photos\/XN3u2xgccVgL4LPv9\" target=\"_blank\" rel=\"noopener noreferrer\">Lien Google+<\/a><br \/>\n<a href=\"https:\/\/www.facebook.com\/VC-Faumont-1528374570756772\/photos\/?tab=album&amp;album_id=1693191017608459\" target=\"_blank\" rel=\"noopener noreferrer\">Lien Facebook<\/a><\/div>\n<div>\n<p>&nbsp;<\/p>\n<div class=\"meps_bloc_tbl_cll\">\n<div align=\"center\"><img decoding=\"async\" src=\"http:\/\/img11.hostingpics.net\/pics\/478607DSC0734.jpg\"><\/div>\n<\/div>\n<\/div>\n<\/div>\n<\/div>\n<\/div>\n<\/div>\n<div class=\"mep_standard8\">\n<ul>\n<li><strong>Le VCF \u00e0 la salle<\/strong><\/li>\n<\/ul>\n<\/div>\n<div class=\"mep_standard1\">\n<div class=\"meps_bloc_tbl\">\n<div class=\"meps_bloc_tbl_rw\">\n<div class=\"meps_bloc_tbl_cll\">\n<div><a href=\"https:\/\/goo.gl\/photos\/NjDGLMUkXLPKR3Se9\" target=\"_blank\" rel=\"noopener noreferrer\">Lien Google +<\/a><br \/>\n<a href=\"https:\/\/www.facebook.com\/VC-Faumont-1528374570756772\/photos\/?tab=album&amp;album_id=1693194027608158\" target=\"_blank\" rel=\"noopener noreferrer\">Lien Facebook<\/a><\/div>\n<\/div>\n<div class=\"meps_bloc_tbl_cll\">\n<div align=\"center\"><img decoding=\"async\" src=\"http:\/\/img11.hostingpics.net\/pics\/209661DSC0735.jpg\"><\/div>\n<\/div>\n<\/div>\n<\/div>\n<\/div>\n<\/div>\n","protected":false},"excerpt":{"rendered":"<p>NOTE du 24 mai 2017 : La Ronde de la Fraise sera d\u00e9sormais annul\u00e9e et remplac\u00e9e par la Nocturne VTT du 25 ao\u00fbt 2017. &nbsp; Voici ci-dessous les diff\u00e9rentes balades&#8230;<\/p>\n","protected":false},"author":1,"featured_media":0,"parent":28,"menu_order":0,"comment_status":"closed","ping_status":"closed","template":"","meta":{"ngg_post_thumbnail":0,"jetpack_post_was_ever_published":false,"two_page_speed":[],"footnotes":""},"class_list":["post-161","page","type-page","status-publish","hentry"],"jetpack_sharing_enabled":true,"jetpack_shortlink":"https:\/\/wp.me\/P8bXJp-2B","_links":{"self":[{"href":"https:\/\/veloclubfaumont.fr\/index.php\/wp-json\/wp\/v2\/pages\/161","targetHints":{"allow":["GET"]}}],"collection":[{"href":"https:\/\/veloclubfaumont.fr\/index.php\/wp-json\/wp\/v2\/pages"}],"about":[{"href":"https:\/\/veloclubfaumont.fr\/index.php\/wp-json\/wp\/v2\/types\/page"}],"author":[{"embeddable":true,"href":"https:\/\/veloclubfaumont.fr\/index.php\/wp-json\/wp\/v2\/users\/1"}],"replies":[{"embeddable":true,"href":"https:\/\/veloclubfaumont.fr\/index.php\/wp-json\/wp\/v2\/comments?post=161"}],"version-history":[{"count":0,"href":"https:\/\/veloclubfaumont.fr\/index.php\/wp-json\/wp\/v2\/pages\/161\/revisions"}],"up":[{"embeddable":true,"href":"https:\/\/veloclubfaumont.fr\/index.php\/wp-json\/wp\/v2\/pages\/28"}],"wp:attachment":[{"href":"https:\/\/veloclubfaumont.fr\/index.php\/wp-json\/wp\/v2\/media?parent=161"}],"curies":[{"name":"wp","href":"https:\/\/api.w.org\/{rel}","templated":true}]}}