{"id":2742,"date":"2016-12-19T10:49:55","date_gmt":"2016-12-19T09:49:55","guid":{"rendered":"http:\/\/veloclubfaumont.fr\/?page_id=2742"},"modified":"2016-12-19T10:49:55","modified_gmt":"2016-12-19T09:49:55","slug":"paris-roubaix-cyclos-2012","status":"publish","type":"page","link":"https:\/\/veloclubfaumont.fr\/index.php\/2012-2\/paris-roubaix-cyclos-2012\/","title":{"rendered":"Paris-Roubaix Cyclos 2012"},"content":{"rendered":"<p><a href=\"https:\/\/veloclubfaumont.fr\/olympus-digital-camera-455\/\"><img loading=\"lazy\" decoding=\"async\" class=\"size-full wp-image-2752\" src=\"https:\/\/veloclubfaumont.fr\/wp-content\/uploads\/2016\/12\/PR-CYCLO2012-13-.jpg\" alt=\"\" width=\"751\" height=\"563\" srcset=\"https:\/\/veloclubfaumont.fr\/wp-content\/uploads\/2016\/12\/PR-CYCLO2012-13-.jpg 751w, https:\/\/veloclubfaumont.fr\/wp-content\/uploads\/2016\/12\/PR-CYCLO2012-13--300x225.jpg 300w\" sizes=\"auto, (max-width: 751px) 100vw, 751px\" \/><\/a><\/p>\n<h4><em><span style=\"font-size: large;\">Trois cyclos faumontois \u00e0 l&rsquo;assaut des pav\u00e9s du PARIS-ROUBAIX<\/span><\/em><\/h4>\n<div><span style=\"font-size: 12pt;\">D\u00e8s 04h00 ce dimanche matin, Roger emm\u00e8ne Fred BONDUE, Richard PITULA et Pascal MILLARD au d\u00e9part \u00e0 BOHAIN en VERMANDOIS pour le d\u00e9part du 210km.<\/span><\/div>\n<div>&nbsp;<\/div>\n<div><span style=\"font-size: 12pt;\">Nos trois comp\u00e8res sont remont\u00e9s comme des horloges suisses, ils veulent venir \u00e0 bout de cette belle randonn\u00e9e organis\u00e9e chaque ann\u00e9e paire par le V\u00e9lo Club de Roubaix.<\/span><\/div>\n<div>&nbsp;<\/div>\n<div><span style=\"font-size: 12pt;\">05h40 les \u00ab\u00a0fauves\u00a0\u00bb verts et jaunes sont l\u00e2ch\u00e9s. Fred et Pascal rejoindront l&rsquo;anneau roubaisien. Quant \u00e0 Richard qui a opt\u00e9 pour le VTT s&rsquo;est us\u00e9 psychologiquement et au panneau FAUMONT mit la fl\u00e9che \u00e0 gauche.<\/span><\/div>\n<div><span style=\"font-size: 12pt;\"><br \/>\nCe m\u00eame dimanche Gr\u00e9gory MASSE participait \u00e0 LILLE &#8211; VAL JOLY et&nbsp;Fr\u00e9d\u00e9ric MASSE avait choisit ce week-end l\u00e0 le TOUR du HAINAUT en randonn\u00e9e permanente.<\/span><\/div>\n<div><span style=\"font-size: small;\"><br \/>\n<span style=\"font-size: 12pt;\">BRAVO \u00e0 tous.&nbsp;<\/span><\/span><\/div>\n<div>&nbsp;<\/div>\n<div style=\"text-align: center;\"><div id=\"grid-gallery-63-13433\" data-gg-id=\"63\" data-title=\"paris-roubaix cyclos 2012\" data-grid-type=\"1\" data-offset=\"0\" data-area-position=\"center\" data-icons=\"false\" data-preloader=\"true\" data-width=\"215\" data-height=\"\" data-padding=\"0\" data-quicksand=\"disabled\" data-quicksand-duration=\"1800\" data-popup-theme=\"theme_6\" data-popup-type=\"pretty-photo\" data-popup-image-text=\"title\" data-popup-widthsize=\"auto\" data-popup-heightsize=\"auto\" data-popup-i18n-words=\"{&quot;close&quot;:&quot;fermer&quot;,&quot;next&quot;:&quot;suivant&quot;,&quot;previous&quot;:&quot;pr\\u00e9c\\u00e9dent&quot;,&quot;start_slideshow&quot;:&quot;d\\u00e9marrer le diaporama&quot;,&quot;stop_slideshow&quot;:&quot;arr\\u00e9ter le diaporama&quot;,&quot;image&quot;:&quot;image&quot;,&quot;of&quot;:&quot;de&quot;,&quot;prev&quot;:&quot;pr\\u00e9c.&quot;,&quot;cExpand&quot;:&quot;Agrandir&quot;,&quot;cPrevious&quot;:&quot;Pr\\u00e9c\\u00e9dent&quot;,&quot;cNext&quot;:&quot;Suivant&quot;,&quot;cExpandStr&quot;:&quot;Agrandir l&#039;image&quot;,&quot;cRotate&quot;:&quot;Pivoter&quot;,&quot;cDetails&quot;:&quot;Details&quot;}\" data-popup-slideshow=\"false\" data-popup-slideshow-speed=\"2500\" data-popup-hoverstop=\"false\" data-popup-slideshow-auto=\"false\" data-popup-background=\"\" data-popup-transparency=\"30\" data-popup-disable-history=\"\" data-popup-disable-changed-url=\"\" data-popup-border-type=\"\" data-popup-border-color=\"\" data-popup-border-width=\"\" data-popup-border-enable=\"\" data-fullscreen=\"false\" data-hide-tooltip=\"false\" data-caption-font-family=\"Default\" data-caption-text-size=\"14px\" data-is-mobile=\"0\" data-caption-mobile=\"false\" data-hide-long-tltp-title=\"0\" data-caption-disabled-on-mobile=\"false\" data-popup-placement-type=\"0\" data-social-sharing=\"{&quot;enabled&quot;:&quot;&quot;,&quot;gallerySharing&quot;:{&quot;enabled&quot;:null,&quot;position&quot;:&quot;top&quot;},&quot;imageSharing&quot;:{&quot;enabled&quot;:&quot;1&quot;,&quot;wrapperClass&quot;:&quot;top left&quot;},&quot;popupSharing&quot;:{&quot;enabled&quot;:&quot;1&quot;,&quot;wrapperClass&quot;:&quot;top left&quot;}}\" class=\"grid-gallery grid-gallery-fluid-height \" style=\" width:100%; height:auto; margin-left:auto; margin-right:auto;position:relative;\"> <div class=\"gallery-loading\"> <div class=\"blocks\"> <div class=\"block\"><\/div> <div class=\"block\"><\/div> <div class=\"block\"><\/div> <div class=\"block\"><\/div> <\/div> <\/div> <div class=\"gallery-sharing-top\"><\/div> <div id=\"photos-63\" class=\"grid-gallery-photos\"><a id=\"gg-63-1774\" class=\"gg-link \" data-attachment-id=\"2757\" href=\"https:\/\/veloclubfaumont.fr\/wp-content\/uploads\/2016\/12\/PR-CYCLO2012-18-.jpg?gid=63\" target=\"_self\" title=\"OLYMPUS DIGITAL CAMERA\" data-rel=\"prettyPhoto[pp_gal]\" style=\"border-radius:0px;\" ><FIGURE class=\"grid-gallery-caption\" data-grid-gallery-type=\"revolving-door-left\" data-index=\"0\" style=\"display:none;border-radius:0px;; margin:0px; width:215px;\" ><div class=\"crop\" style=\"\"><img decoding=\"async\" src=\"http:\/\/veloclubfaumont.fr\/wp-content\/uploads\/2016\/12\/PR-CYCLO2012-18--215x287.jpg\" class=\"ggImg\" alt=\"OLYMPUS DIGITAL CAMERA\" title=\"OLYMPUS DIGITAL CAMERA\" data-description=\"OLYMPUS DIGITAL CAMERA\" data-caption=\"OLYMPUS DIGITAL CAMERA\" data-title=\"OLYMPUS DIGITAL CAMERA\" style=\" width:215px;\" \/><\/div><FIGCAPTION class=\"\" data-alpha=\"5\" style=\"color:#ffffff; background-color:#0a076d; font-size:14px; text-align:left; font-family:Default;\" ><div class=\"grid-gallery-figcaption-wrap\" style=\" vertical-align:top;\"><\/div><\/FIGCAPTION><\/FIGURE><\/a><a id=\"gg-63-1775\" class=\"gg-link \" data-attachment-id=\"2756\" href=\"https:\/\/veloclubfaumont.fr\/wp-content\/uploads\/2016\/12\/PR-CYCLO2012-17-.jpg?gid=63\" target=\"_self\" title=\"OLYMPUS DIGITAL CAMERA\" data-rel=\"prettyPhoto[pp_gal]\" style=\"border-radius:0px;\" ><FIGURE class=\"grid-gallery-caption\" data-grid-gallery-type=\"revolving-door-left\" data-index=\"1\" style=\"display:none;border-radius:0px;; margin:0px; width:215px;\" ><div class=\"crop\" style=\"\"><img decoding=\"async\" src=\"http:\/\/veloclubfaumont.fr\/wp-content\/uploads\/2016\/12\/PR-CYCLO2012-17--215x287.jpg\" class=\"ggImg\" alt=\"OLYMPUS DIGITAL CAMERA\" title=\"OLYMPUS DIGITAL CAMERA\" data-description=\"OLYMPUS DIGITAL CAMERA\" data-caption=\"OLYMPUS DIGITAL CAMERA\" data-title=\"OLYMPUS DIGITAL CAMERA\" style=\" width:215px;\" \/><\/div><FIGCAPTION class=\"\" data-alpha=\"5\" style=\"color:#ffffff; background-color:#0a076d; font-size:14px; text-align:left; font-family:Default;\" ><div class=\"grid-gallery-figcaption-wrap\" style=\" vertical-align:top;\"><\/div><\/FIGCAPTION><\/FIGURE><\/a><a id=\"gg-63-1776\" class=\"gg-link \" data-attachment-id=\"2755\" href=\"https:\/\/veloclubfaumont.fr\/wp-content\/uploads\/2016\/12\/PR-CYCLO2012-16-.jpg?gid=63\" target=\"_self\" title=\"OLYMPUS DIGITAL CAMERA\" data-rel=\"prettyPhoto[pp_gal]\" style=\"border-radius:0px;\" ><FIGURE class=\"grid-gallery-caption\" data-grid-gallery-type=\"revolving-door-left\" data-index=\"2\" style=\"display:none;border-radius:0px;; margin:0px; width:215px;\" ><div class=\"crop\" style=\"\"><img decoding=\"async\" src=\"http:\/\/veloclubfaumont.fr\/wp-content\/uploads\/2016\/12\/PR-CYCLO2012-16--215x287.jpg\" class=\"ggImg\" alt=\"OLYMPUS DIGITAL CAMERA\" title=\"OLYMPUS DIGITAL CAMERA\" data-description=\"OLYMPUS DIGITAL CAMERA\" data-caption=\"OLYMPUS DIGITAL CAMERA\" data-title=\"OLYMPUS DIGITAL CAMERA\" style=\" width:215px;\" \/><\/div><FIGCAPTION class=\"\" data-alpha=\"5\" style=\"color:#ffffff; background-color:#0a076d; font-size:14px; text-align:left; font-family:Default;\" ><div class=\"grid-gallery-figcaption-wrap\" style=\" vertical-align:top;\"><\/div><\/FIGCAPTION><\/FIGURE><\/a><a id=\"gg-63-1777\" class=\"gg-link \" data-attachment-id=\"2754\" href=\"https:\/\/veloclubfaumont.fr\/wp-content\/uploads\/2016\/12\/PR-CYCLO2012-15-.jpg?gid=63\" target=\"_self\" title=\"OLYMPUS DIGITAL CAMERA\" data-rel=\"prettyPhoto[pp_gal]\" style=\"border-radius:0px;\" ><FIGURE class=\"grid-gallery-caption\" data-grid-gallery-type=\"revolving-door-left\" data-index=\"3\" style=\"display:none;border-radius:0px;; margin:0px; width:215px;\" ><div class=\"crop\" style=\"\"><img decoding=\"async\" src=\"http:\/\/veloclubfaumont.fr\/wp-content\/uploads\/2016\/12\/PR-CYCLO2012-15--215x287.jpg\" class=\"ggImg\" alt=\"OLYMPUS DIGITAL CAMERA\" title=\"OLYMPUS DIGITAL CAMERA\" data-description=\"OLYMPUS DIGITAL CAMERA\" data-caption=\"OLYMPUS DIGITAL CAMERA\" data-title=\"OLYMPUS DIGITAL CAMERA\" style=\" width:215px;\" \/><\/div><FIGCAPTION class=\"\" data-alpha=\"5\" style=\"color:#ffffff; background-color:#0a076d; font-size:14px; text-align:left; font-family:Default;\" ><div class=\"grid-gallery-figcaption-wrap\" style=\" vertical-align:top;\"><\/div><\/FIGCAPTION><\/FIGURE><\/a><a id=\"gg-63-1778\" class=\"gg-link \" data-attachment-id=\"2752\" href=\"https:\/\/veloclubfaumont.fr\/wp-content\/uploads\/2016\/12\/PR-CYCLO2012-13-.jpg?gid=63\" target=\"_self\" title=\"OLYMPUS DIGITAL CAMERA\" data-rel=\"prettyPhoto[pp_gal]\" style=\"border-radius:0px;\" ><FIGURE class=\"grid-gallery-caption\" data-grid-gallery-type=\"revolving-door-left\" data-index=\"4\" style=\"display:none;border-radius:0px;; margin:0px; width:215px;\" ><div class=\"crop\" style=\"\"><img decoding=\"async\" src=\"http:\/\/veloclubfaumont.fr\/wp-content\/uploads\/2016\/12\/PR-CYCLO2012-13--215x161.jpg\" class=\"ggImg\" alt=\"OLYMPUS DIGITAL CAMERA\" title=\"OLYMPUS DIGITAL CAMERA\" data-description=\"OLYMPUS DIGITAL CAMERA\" data-caption=\"OLYMPUS DIGITAL CAMERA\" data-title=\"OLYMPUS DIGITAL CAMERA\" style=\" width:215px;\" \/><\/div><FIGCAPTION class=\"\" data-alpha=\"5\" style=\"color:#ffffff; background-color:#0a076d; font-size:14px; text-align:left; font-family:Default;\" ><div class=\"grid-gallery-figcaption-wrap\" style=\" vertical-align:top;\"><\/div><\/FIGCAPTION><\/FIGURE><\/a><a id=\"gg-63-1779\" class=\"gg-link \" data-attachment-id=\"2750\" href=\"https:\/\/veloclubfaumont.fr\/wp-content\/uploads\/2016\/12\/PR-CYCLO2012-10-.jpg?gid=63\" target=\"_self\" title=\"OLYMPUS DIGITAL CAMERA\" data-rel=\"prettyPhoto[pp_gal]\" style=\"border-radius:0px;\" ><FIGURE class=\"grid-gallery-caption\" data-grid-gallery-type=\"revolving-door-left\" data-index=\"5\" style=\"display:none;border-radius:0px;; margin:0px; width:215px;\" ><div class=\"crop\" style=\"\"><img decoding=\"async\" src=\"http:\/\/veloclubfaumont.fr\/wp-content\/uploads\/2016\/12\/PR-CYCLO2012-10--215x161.jpg\" class=\"ggImg\" alt=\"OLYMPUS DIGITAL CAMERA\" title=\"OLYMPUS DIGITAL CAMERA\" data-description=\"OLYMPUS DIGITAL CAMERA\" data-caption=\"OLYMPUS DIGITAL CAMERA\" data-title=\"OLYMPUS DIGITAL CAMERA\" style=\" width:215px;\" \/><\/div><FIGCAPTION class=\"\" data-alpha=\"5\" style=\"color:#ffffff; background-color:#0a076d; font-size:14px; text-align:left; font-family:Default;\" ><div class=\"grid-gallery-figcaption-wrap\" style=\" vertical-align:top;\"><\/div><\/FIGCAPTION><\/FIGURE><\/a><a id=\"gg-63-1780\" class=\"gg-link \" data-attachment-id=\"2749\" href=\"https:\/\/veloclubfaumont.fr\/wp-content\/uploads\/2016\/12\/PR-CYCLO2012-9-.jpg?gid=63\" target=\"_self\" title=\"OLYMPUS DIGITAL CAMERA\" data-rel=\"prettyPhoto[pp_gal]\" style=\"border-radius:0px;\" ><FIGURE class=\"grid-gallery-caption\" data-grid-gallery-type=\"revolving-door-left\" data-index=\"6\" style=\"display:none;border-radius:0px;; margin:0px; width:215px;\" ><div class=\"crop\" style=\"\"><img decoding=\"async\" src=\"http:\/\/veloclubfaumont.fr\/wp-content\/uploads\/2016\/12\/PR-CYCLO2012-9--215x161.jpg\" class=\"ggImg\" alt=\"OLYMPUS DIGITAL CAMERA\" title=\"OLYMPUS DIGITAL CAMERA\" data-description=\"OLYMPUS DIGITAL CAMERA\" data-caption=\"OLYMPUS DIGITAL CAMERA\" data-title=\"OLYMPUS DIGITAL CAMERA\" style=\" width:215px;\" \/><\/div><FIGCAPTION class=\"\" data-alpha=\"5\" style=\"color:#ffffff; background-color:#0a076d; font-size:14px; text-align:left; font-family:Default;\" ><div class=\"grid-gallery-figcaption-wrap\" style=\" vertical-align:top;\"><\/div><\/FIGCAPTION><\/FIGURE><\/a><a id=\"gg-63-1781\" class=\"gg-link \" data-attachment-id=\"2748\" href=\"https:\/\/veloclubfaumont.fr\/wp-content\/uploads\/2016\/12\/PR-CYCLO2012-8-.jpg?gid=63\" target=\"_self\" title=\"OLYMPUS DIGITAL CAMERA\" data-rel=\"prettyPhoto[pp_gal]\" style=\"border-radius:0px;\" ><FIGURE class=\"grid-gallery-caption\" data-grid-gallery-type=\"revolving-door-left\" data-index=\"7\" style=\"display:none;border-radius:0px;; margin:0px; width:215px;\" ><div class=\"crop\" style=\"\"><img decoding=\"async\" src=\"http:\/\/veloclubfaumont.fr\/wp-content\/uploads\/2016\/12\/PR-CYCLO2012-8--215x161.jpg\" class=\"ggImg\" alt=\"OLYMPUS DIGITAL CAMERA\" title=\"OLYMPUS DIGITAL CAMERA\" data-description=\"OLYMPUS DIGITAL CAMERA\" data-caption=\"OLYMPUS DIGITAL CAMERA\" data-title=\"OLYMPUS DIGITAL CAMERA\" style=\" width:215px;\" \/><\/div><FIGCAPTION class=\"\" data-alpha=\"5\" style=\"color:#ffffff; background-color:#0a076d; font-size:14px; text-align:left; font-family:Default;\" ><div class=\"grid-gallery-figcaption-wrap\" style=\" vertical-align:top;\"><\/div><\/FIGCAPTION><\/FIGURE><\/a><a id=\"gg-63-1782\" class=\"gg-link \" data-attachment-id=\"2747\" href=\"https:\/\/veloclubfaumont.fr\/wp-content\/uploads\/2016\/12\/PR-CYCLO2012-7-.jpg?gid=63\" target=\"_self\" title=\"OLYMPUS DIGITAL CAMERA\" data-rel=\"prettyPhoto[pp_gal]\" style=\"border-radius:0px;\" ><FIGURE class=\"grid-gallery-caption\" data-grid-gallery-type=\"revolving-door-left\" data-index=\"8\" style=\"display:none;border-radius:0px;; margin:0px; width:215px;\" ><div class=\"crop\" style=\"\"><img decoding=\"async\" src=\"http:\/\/veloclubfaumont.fr\/wp-content\/uploads\/2016\/12\/PR-CYCLO2012-7--215x287.jpg\" class=\"ggImg\" alt=\"OLYMPUS DIGITAL CAMERA\" title=\"OLYMPUS DIGITAL CAMERA\" data-description=\"OLYMPUS DIGITAL CAMERA\" data-caption=\"OLYMPUS DIGITAL CAMERA\" data-title=\"OLYMPUS DIGITAL CAMERA\" style=\" width:215px;\" \/><\/div><FIGCAPTION class=\"\" data-alpha=\"5\" style=\"color:#ffffff; background-color:#0a076d; font-size:14px; text-align:left; font-family:Default;\" ><div class=\"grid-gallery-figcaption-wrap\" style=\" vertical-align:top;\"><\/div><\/FIGCAPTION><\/FIGURE><\/a><a id=\"gg-63-1783\" class=\"gg-link \" data-attachment-id=\"2746\" href=\"https:\/\/veloclubfaumont.fr\/wp-content\/uploads\/2016\/12\/PR-CYCLO2012-6-.jpg?gid=63\" target=\"_self\" title=\"OLYMPUS DIGITAL CAMERA\" data-rel=\"prettyPhoto[pp_gal]\" style=\"border-radius:0px;\" ><FIGURE class=\"grid-gallery-caption\" data-grid-gallery-type=\"revolving-door-left\" data-index=\"9\" style=\"display:none;border-radius:0px;; margin:0px; width:215px;\" ><div class=\"crop\" style=\"\"><img decoding=\"async\" src=\"http:\/\/veloclubfaumont.fr\/wp-content\/uploads\/2016\/12\/PR-CYCLO2012-6--215x287.jpg\" class=\"ggImg\" alt=\"OLYMPUS DIGITAL CAMERA\" title=\"OLYMPUS DIGITAL CAMERA\" data-description=\"OLYMPUS DIGITAL CAMERA\" data-caption=\"OLYMPUS DIGITAL CAMERA\" data-title=\"OLYMPUS DIGITAL CAMERA\" style=\" width:215px;\" \/><\/div><FIGCAPTION class=\"\" data-alpha=\"5\" style=\"color:#ffffff; background-color:#0a076d; font-size:14px; text-align:left; font-family:Default;\" ><div class=\"grid-gallery-figcaption-wrap\" style=\" vertical-align:top;\"><\/div><\/FIGCAPTION><\/FIGURE><\/a><a id=\"gg-63-1784\" class=\"gg-link \" data-attachment-id=\"2745\" href=\"https:\/\/veloclubfaumont.fr\/wp-content\/uploads\/2016\/12\/PR-CYCLO2012-5-.jpg?gid=63\" target=\"_self\" title=\"OLYMPUS DIGITAL CAMERA\" data-rel=\"prettyPhoto[pp_gal]\" style=\"border-radius:0px;\" ><FIGURE class=\"grid-gallery-caption\" data-grid-gallery-type=\"revolving-door-left\" data-index=\"10\" style=\"display:none;border-radius:0px;; margin:0px; width:215px;\" ><div class=\"crop\" style=\"\"><img decoding=\"async\" src=\"http:\/\/veloclubfaumont.fr\/wp-content\/uploads\/2016\/12\/PR-CYCLO2012-5--215x287.jpg\" class=\"ggImg\" alt=\"OLYMPUS DIGITAL CAMERA\" title=\"OLYMPUS DIGITAL CAMERA\" data-description=\"OLYMPUS DIGITAL CAMERA\" data-caption=\"OLYMPUS DIGITAL CAMERA\" data-title=\"OLYMPUS DIGITAL CAMERA\" style=\" width:215px;\" \/><\/div><FIGCAPTION class=\"\" data-alpha=\"5\" style=\"color:#ffffff; background-color:#0a076d; font-size:14px; text-align:left; font-family:Default;\" ><div class=\"grid-gallery-figcaption-wrap\" style=\" vertical-align:top;\"><\/div><\/FIGCAPTION><\/FIGURE><\/a><a id=\"gg-63-1785\" class=\"gg-link \" data-attachment-id=\"2744\" href=\"https:\/\/veloclubfaumont.fr\/wp-content\/uploads\/2016\/12\/PR-CYCLO2012-4-.jpg?gid=63\" target=\"_self\" title=\"OLYMPUS DIGITAL CAMERA\" data-rel=\"prettyPhoto[pp_gal]\" style=\"border-radius:0px;\" ><FIGURE class=\"grid-gallery-caption\" data-grid-gallery-type=\"revolving-door-left\" data-index=\"11\" style=\"display:none;border-radius:0px;; margin:0px; width:215px;\" ><div class=\"crop\" style=\"\"><img decoding=\"async\" src=\"http:\/\/veloclubfaumont.fr\/wp-content\/uploads\/2016\/12\/PR-CYCLO2012-4--215x161.jpg\" class=\"ggImg\" alt=\"OLYMPUS DIGITAL CAMERA\" title=\"OLYMPUS DIGITAL CAMERA\" data-description=\"OLYMPUS DIGITAL CAMERA\" data-caption=\"OLYMPUS DIGITAL CAMERA\" data-title=\"OLYMPUS DIGITAL CAMERA\" style=\" width:215px;\" \/><\/div><FIGCAPTION class=\"\" data-alpha=\"5\" style=\"color:#ffffff; background-color:#0a076d; font-size:14px; text-align:left; font-family:Default;\" ><div class=\"grid-gallery-figcaption-wrap\" style=\" vertical-align:top;\"><\/div><\/FIGCAPTION><\/FIGURE><\/a><a id=\"gg-63-1786\" class=\"gg-link \" data-attachment-id=\"2743\" href=\"https:\/\/veloclubfaumont.fr\/wp-content\/uploads\/2016\/12\/PR-CYCLO2012-3-.jpg?gid=63\" target=\"_self\" title=\"OLYMPUS DIGITAL CAMERA\" data-rel=\"prettyPhoto[pp_gal]\" style=\"border-radius:0px;\" ><FIGURE class=\"grid-gallery-caption\" data-grid-gallery-type=\"revolving-door-left\" data-index=\"12\" style=\"display:none;border-radius:0px;; margin:0px; width:215px;\" ><div class=\"crop\" style=\"\"><img decoding=\"async\" src=\"http:\/\/veloclubfaumont.fr\/wp-content\/uploads\/2016\/12\/PR-CYCLO2012-3--215x287.jpg\" class=\"ggImg\" alt=\"OLYMPUS DIGITAL CAMERA\" title=\"OLYMPUS DIGITAL CAMERA\" data-description=\"OLYMPUS DIGITAL CAMERA\" data-caption=\"OLYMPUS DIGITAL CAMERA\" data-title=\"OLYMPUS DIGITAL CAMERA\" style=\" width:215px;\" \/><\/div><FIGCAPTION class=\"\" data-alpha=\"5\" style=\"color:#ffffff; background-color:#0a076d; font-size:14px; text-align:left; font-family:Default;\" ><div class=\"grid-gallery-figcaption-wrap\" style=\" vertical-align:top;\"><\/div><\/FIGCAPTION><\/FIGURE><\/a><a id=\"gg-63-1787\" class=\"gg-link \" data-attachment-id=\"2740\" href=\"https:\/\/veloclubfaumont.fr\/wp-content\/uploads\/2016\/12\/PR-CYCLO2012-1-.jpg?gid=63\" target=\"_self\" title=\"OLYMPUS DIGITAL CAMERA\" data-rel=\"prettyPhoto[pp_gal]\" style=\"border-radius:0px;\" ><FIGURE class=\"grid-gallery-caption\" data-grid-gallery-type=\"revolving-door-left\" data-index=\"13\" style=\"display:none;border-radius:0px;; margin:0px; width:215px;\" ><div class=\"crop\" style=\"\"><img decoding=\"async\" src=\"http:\/\/veloclubfaumont.fr\/wp-content\/uploads\/2016\/12\/PR-CYCLO2012-1--215x287.jpg\" class=\"ggImg\" alt=\"OLYMPUS DIGITAL CAMERA\" title=\"OLYMPUS DIGITAL CAMERA\" data-description=\"OLYMPUS DIGITAL CAMERA\" data-caption=\"OLYMPUS DIGITAL CAMERA\" data-title=\"OLYMPUS DIGITAL CAMERA\" style=\" width:215px;\" \/><\/div><FIGCAPTION class=\"\" data-alpha=\"5\" style=\"color:#ffffff; background-color:#0a076d; font-size:14px; text-align:left; font-family:Default;\" ><div class=\"grid-gallery-figcaption-wrap\" style=\" vertical-align:top;\"><\/div><\/FIGCAPTION><\/FIGURE><\/a><a id=\"gg-63-1788\" class=\"gg-link \" data-attachment-id=\"2741\" href=\"https:\/\/veloclubfaumont.fr\/wp-content\/uploads\/2016\/12\/PR-CYCLO2012-2-.jpg?gid=63\" target=\"_self\" title=\"OLYMPUS DIGITAL CAMERA\" data-rel=\"prettyPhoto[pp_gal]\" style=\"border-radius:0px;\" ><FIGURE class=\"grid-gallery-caption\" data-grid-gallery-type=\"revolving-door-left\" data-index=\"14\" style=\"display:none;border-radius:0px;; margin:0px; width:215px;\" ><div class=\"crop\" style=\"\"><img decoding=\"async\" src=\"http:\/\/veloclubfaumont.fr\/wp-content\/uploads\/2016\/12\/PR-CYCLO2012-2--215x287.jpg\" class=\"ggImg\" alt=\"OLYMPUS DIGITAL CAMERA\" title=\"OLYMPUS DIGITAL CAMERA\" data-description=\"OLYMPUS DIGITAL CAMERA\" data-caption=\"arriv\u00e9e de Fred \u00e0 Beuvry la For\u00eat (entr\u00e9e pav\u00e9 Madiot)\" data-title=\"OLYMPUS DIGITAL CAMERA\" style=\" width:215px;\" \/><\/div><FIGCAPTION class=\"\" data-alpha=\"5\" style=\"color:#ffffff; background-color:#0a076d; font-size:14px; text-align:left; font-family:Default;\" ><div class=\"grid-gallery-figcaption-wrap\" style=\" vertical-align:top;\"><div class=\"gg-image-caption fitvidsignore\" style=\"font-size:14px;\"><object type=\"none\/none\">arriv\u00e9e de Fred \u00e0 Beuvry la For\u00eat (entr\u00e9e pav\u00e9 Madiot) <\/object><\/div><\/div><\/FIGCAPTION><\/FIGURE><\/a><a id=\"gg-63-1789\" class=\"gg-link \" data-attachment-id=\"2739\" href=\"https:\/\/veloclubfaumont.fr\/wp-content\/uploads\/2016\/12\/paris-roubaix-2012-2-.jpg?gid=63\" target=\"_self\" title=\"paris-roubaix-2012-2-\" data-rel=\"prettyPhoto[pp_gal]\" style=\"border-radius:0px;\" ><FIGURE class=\"grid-gallery-caption\" data-grid-gallery-type=\"revolving-door-left\" data-index=\"15\" style=\"display:none;border-radius:0px;; margin:0px; width:215px;\" ><div class=\"crop\" style=\"\"><img decoding=\"async\" src=\"http:\/\/veloclubfaumont.fr\/wp-content\/uploads\/2016\/12\/paris-roubaix-2012-2--215x287.jpg\" class=\"ggImg\" alt=\"paris-roubaix-2012-2-\" title=\"paris-roubaix-2012-2-\" data-description=\"paris-roubaix-2012-2-\" data-caption=\"Richard r\u00e9cup\u00e8re son v\u00e9lo \u00e0 BOHAIN\" data-title=\"paris-roubaix-2012-2-\" style=\" width:215px;\" \/><\/div><FIGCAPTION class=\"\" data-alpha=\"5\" style=\"color:#ffffff; background-color:#0a076d; font-size:14px; text-align:left; font-family:Default;\" ><div class=\"grid-gallery-figcaption-wrap\" style=\" vertical-align:top;\"><div class=\"gg-image-caption fitvidsignore\" style=\"font-size:14px;\"><object type=\"none\/none\">Richard r\u00e9cup\u00e8re son v\u00e9lo \u00e0 BOHAIN <\/object><\/div><\/div><\/FIGCAPTION><\/FIGURE><\/a><a id=\"gg-63-1790\" class=\"gg-link \" data-attachment-id=\"2738\" href=\"https:\/\/veloclubfaumont.fr\/wp-content\/uploads\/2016\/12\/paris-roubaix-2012-1-.jpg?gid=63\" target=\"_self\" title=\"paris-roubaix-2012-1-\" data-rel=\"prettyPhoto[pp_gal]\" style=\"border-radius:0px;\" ><FIGURE class=\"grid-gallery-caption\" data-grid-gallery-type=\"revolving-door-left\" data-index=\"16\" style=\"display:none;border-radius:0px;; margin:0px; width:215px;\" ><div class=\"crop\" style=\"\"><img decoding=\"async\" src=\"http:\/\/veloclubfaumont.fr\/wp-content\/uploads\/2016\/12\/paris-roubaix-2012-1--215x161.jpg\" class=\"ggImg\" alt=\"paris-roubaix-2012-1-\" title=\"paris-roubaix-2012-1-\" data-description=\"paris-roubaix-2012-1-\" data-caption=\"Pascal au d\u00e9part de Faumont\" data-title=\"paris-roubaix-2012-1-\" style=\" width:215px;\" \/><\/div><FIGCAPTION class=\"\" data-alpha=\"5\" style=\"color:#ffffff; background-color:#0a076d; font-size:14px; text-align:left; font-family:Default;\" ><div class=\"grid-gallery-figcaption-wrap\" style=\" vertical-align:top;\"><div class=\"gg-image-caption fitvidsignore\" style=\"font-size:14px;\"><object type=\"none\/none\">Pascal au d\u00e9part de Faumont <\/object><\/div><\/div><\/FIGCAPTION><\/FIGURE><\/a><a id=\"gg-63-1791\" class=\"gg-link \" data-attachment-id=\"2751\" href=\"https:\/\/veloclubfaumont.fr\/wp-content\/uploads\/2016\/12\/PR-CYCLO2012-12-.jpg?gid=63\" target=\"_self\" title=\"OLYMPUS DIGITAL CAMERA\" data-rel=\"prettyPhoto[pp_gal]\" style=\"border-radius:0px;\" ><FIGURE class=\"grid-gallery-caption\" data-grid-gallery-type=\"revolving-door-left\" data-index=\"17\" style=\"display:none;border-radius:0px;; margin:0px; width:215px;\" ><div class=\"crop\" style=\"\"><img decoding=\"async\" src=\"http:\/\/veloclubfaumont.fr\/wp-content\/uploads\/2016\/12\/PR-CYCLO2012-12--215x287.jpg\" class=\"ggImg\" alt=\"OLYMPUS DIGITAL CAMERA\" title=\"OLYMPUS DIGITAL CAMERA\" data-description=\"OLYMPUS DIGITAL CAMERA\" data-caption=\"Arriv\u00e9e de nos deux comp\u00e8res au ravitaillement d&#039;Orchies\" data-title=\"OLYMPUS DIGITAL CAMERA\" style=\" width:215px;\" \/><\/div><FIGCAPTION class=\"\" data-alpha=\"5\" style=\"color:#ffffff; background-color:#0a076d; font-size:14px; text-align:left; font-family:Default;\" ><div class=\"grid-gallery-figcaption-wrap\" style=\" vertical-align:top;\"><div class=\"gg-image-caption fitvidsignore\" style=\"font-size:14px;\"><object type=\"none\/none\">Arriv\u00e9e de nos deux comp\u00e8res au ravitaillement d&#039;Orchies <\/object><\/div><\/div><\/FIGCAPTION><\/FIGURE><\/a><a id=\"gg-63-1792\" class=\"gg-link \" data-attachment-id=\"2753\" href=\"https:\/\/veloclubfaumont.fr\/wp-content\/uploads\/2016\/12\/PR-CYCLO2012-14-.jpg?gid=63\" target=\"_self\" title=\"OLYMPUS DIGITAL CAMERA\" data-rel=\"prettyPhoto[pp_gal]\" style=\"border-radius:0px;\" ><FIGURE class=\"grid-gallery-caption\" data-grid-gallery-type=\"revolving-door-left\" data-index=\"18\" style=\"display:none;border-radius:0px;; margin:0px; width:215px;\" ><div class=\"crop\" style=\"\"><img decoding=\"async\" src=\"http:\/\/veloclubfaumont.fr\/wp-content\/uploads\/2016\/12\/PR-CYCLO2012-14--215x287.jpg\" class=\"ggImg\" alt=\"OLYMPUS DIGITAL CAMERA\" title=\"OLYMPUS DIGITAL CAMERA\" data-description=\"OLYMPUS DIGITAL CAMERA\" data-caption=\"Entr\u00e9e de Pascal dans FAUMONT\" data-title=\"OLYMPUS DIGITAL CAMERA\" style=\" width:215px;\" \/><\/div><FIGCAPTION class=\"\" data-alpha=\"5\" style=\"color:#ffffff; background-color:#0a076d; font-size:14px; text-align:left; font-family:Default;\" ><div class=\"grid-gallery-figcaption-wrap\" style=\" vertical-align:top;\"><div class=\"gg-image-caption fitvidsignore\" style=\"font-size:14px;\"><object type=\"none\/none\">Entr\u00e9e de Pascal dans FAUMONT <\/object><\/div><\/div><\/FIGCAPTION><\/FIGURE><\/a> <div class=\"grid-gallery-clearfix\"><\/div> <\/div> <div class=\"gallery-sharing-bottom\"><\/div> <div class=\"grid-gallery-clearfix\"><\/div> <\/div> <!-- Gallery by Supsystic plugin1.15.12 --><\/div>\n","protected":false},"excerpt":{"rendered":"<p>Trois cyclos faumontois \u00e0 l&rsquo;assaut des pav\u00e9s du PARIS-ROUBAIX D\u00e8s 04h00 ce dimanche matin, Roger emm\u00e8ne Fred BONDUE, Richard PITULA et Pascal MILLARD au d\u00e9part \u00e0 BOHAIN en VERMANDOIS pour&#8230;<\/p>\n","protected":false},"author":1,"featured_media":0,"parent":71,"menu_order":0,"comment_status":"closed","ping_status":"closed","template":"","meta":{"ngg_post_thumbnail":0,"jetpack_post_was_ever_published":false,"two_page_speed":[],"footnotes":""},"class_list":["post-2742","page","type-page","status-publish","hentry"],"jetpack_sharing_enabled":true,"jetpack_shortlink":"https:\/\/wp.me\/P8bXJp-Ie","_links":{"self":[{"href":"https:\/\/veloclubfaumont.fr\/index.php\/wp-json\/wp\/v2\/pages\/2742","targetHints":{"allow":["GET"]}}],"collection":[{"href":"https:\/\/veloclubfaumont.fr\/index.php\/wp-json\/wp\/v2\/pages"}],"about":[{"href":"https:\/\/veloclubfaumont.fr\/index.php\/wp-json\/wp\/v2\/types\/page"}],"author":[{"embeddable":true,"href":"https:\/\/veloclubfaumont.fr\/index.php\/wp-json\/wp\/v2\/users\/1"}],"replies":[{"embeddable":true,"href":"https:\/\/veloclubfaumont.fr\/index.php\/wp-json\/wp\/v2\/comments?post=2742"}],"version-history":[{"count":0,"href":"https:\/\/veloclubfaumont.fr\/index.php\/wp-json\/wp\/v2\/pages\/2742\/revisions"}],"up":[{"embeddable":true,"href":"https:\/\/veloclubfaumont.fr\/index.php\/wp-json\/wp\/v2\/pages\/71"}],"wp:attachment":[{"href":"https:\/\/veloclubfaumont.fr\/index.php\/wp-json\/wp\/v2\/media?parent=2742"}],"curies":[{"name":"wp","href":"https:\/\/api.w.org\/{rel}","templated":true}]}}