{"id":5851,"date":"2017-04-19T11:00:22","date_gmt":"2017-04-19T09:00:22","guid":{"rendered":"http:\/\/veloclubfaumont.fr\/?page_id=5851"},"modified":"2017-08-28T13:20:46","modified_gmt":"2017-08-28T11:20:46","slug":"rando-nocturne-vtt-de-faumont","status":"publish","type":"page","link":"https:\/\/veloclubfaumont.fr\/index.php\/2017-2\/rando-nocturne-vtt-de-faumont\/","title":{"rendered":"Rando Nocturne VTT de Faumont 2017"},"content":{"rendered":"<p style=\"text-align: center;\">Page 1 : pr\u00e9sentation + inscriptions en ligne<br \/>\nPage 2 : <a href=\"https:\/\/veloclubfaumont.fr\/index.php\/2017-2\/rando-nocturne-vtt-de-faumont\/rando-nocturne-vtt-de-faumont-2017-les-cartes-des-parcours\/\">les diff\u00e9rents parcours<\/a><br \/>\nPage 3 : <a href=\"https:\/\/veloclubfaumont.fr\/index.php\/2017\/07\/21\/reportage-photos-du-parcours-de-25km-de-notre-prochaine-nocturne-vtt\/\">reportage photos du 25km<\/a><br \/>\nPage 4 : <a href=\"https:\/\/veloclubfaumont.fr\/index.php\/2017\/07\/27\/reportage-photos-du-44km-de-notre-nocturne-vtt\/\">reportage photos du 44km<\/a><br \/>\nPage 5 : <a href=\"https:\/\/veloclubfaumont.fr\/index.php\/2017\/07\/27\/preparation-de-la-nocturne-2017\/\">pr\u00e9parations de la nocturne<br \/>\n<\/a>Page 6 : <a href=\"https:\/\/veloclubfaumont.fr\/index.php\/2017\/08\/16\/reco-de-nuit-du-44km-de-notre-nocturne-vtt\/\">reconnaissance de nuit du 44km<br \/>\n<\/a>Page 7 :&nbsp;<a href=\"https:\/\/veloclubfaumont.fr\/index.php\/2017\/08\/24\/jour-j-1-pour-notre-nocturne-vtt-flechage\/\">fl\u00e9chage du parcours<\/a><br \/>\n<span style=\"color: #ff0000;\"><strong>[NOUVEAU]<\/strong><\/span> Page 8 : <a href=\"https:\/\/veloclubfaumont.fr\/index.php\/2017\/08\/28\/nocturne-vtt-faumont-2017-photos-videos-et-reportages\/\">photos, vid\u00e9os et reportages de l&rsquo;\u00e9dition 2017<\/a><\/p>\n<p style=\"text-align: center;\">&nbsp;<\/p>\n<p style=\"text-align: justify;\"><a href=\"https:\/\/veloclubfaumont.fr\/index.php\/2017-2\/rando-nocturne-vtt-de-faumont\/flyer-nocturne-2017\/\" rel=\"attachment wp-att-6846\"><img loading=\"lazy\" decoding=\"async\" class=\"alignleft wp-image-6846 \" src=\"https:\/\/veloclubfaumont.fr\/wp-content\/uploads\/2017\/04\/flyer-nocturne-2017-718x1024.jpg\" alt=\"\" width=\"367\" height=\"524\" srcset=\"https:\/\/veloclubfaumont.fr\/wp-content\/uploads\/2017\/04\/flyer-nocturne-2017-718x1024.jpg 718w, https:\/\/veloclubfaumont.fr\/wp-content\/uploads\/2017\/04\/flyer-nocturne-2017-210x300.jpg 210w, https:\/\/veloclubfaumont.fr\/wp-content\/uploads\/2017\/04\/flyer-nocturne-2017-768x1096.jpg 768w, https:\/\/veloclubfaumont.fr\/wp-content\/uploads\/2017\/04\/flyer-nocturne-2017.jpg 951w\" sizes=\"auto, (max-width: 367px) 100vw, 367px\" \/><\/a><\/p>\n<p style=\"text-align: justify;\">Le VC Faumont organise ce vendredi 25 ao\u00fbt 2017 la seconde \u00e9dition de sa randonn\u00e9e nocturne VTT autour de la P\u00e9v\u00e8le.<\/p>\n<p style=\"text-align: justify;\">Le club vous donne rendez-vous \u00e0 la salle des f\u00eates de Faumont (en plein centre-ville, 787 rue nationale) d\u00e8s 19h00 pour les inscriptions (buvette disponible sur place en attendant le d\u00e9part). Le d\u00e9part group\u00e9 se fera \u00e0 20h45.<\/p>\n<p style=\"text-align: justify;\">Cette ann\u00e9e, une <span style=\"color: #ff0000;\"><strong>inscription en ligne<\/strong><\/span> de 5\u20ac est disponible jusqu&rsquo;au <strong>24 ao\u00fbt<\/strong> minuit (en cliquant sur le lien du site <a href=\"https:\/\/www.vtt-hautsdefrance.fr\/inscription-en-ligne\/rando-vtt-nocturne-de-faumont.html\" target=\"_blank\" rel=\"noopener\"><strong>VTThautsdefrance<\/strong><\/a>). Pour ceux qui s&rsquo;inscriront sur place, il y aura une majoration de <strong>1\u20ac pour les individuels<\/strong>. A noter qu&rsquo;une <strong>tombola<\/strong> aura lieu <span style=\"text-decoration: underline;\">pour toutes les personnes inscrites en ligne<\/span> (le lot sera donn\u00e9 lors de votre arriv\u00e9e au moment de la r\u00e9cup\u00e9ration des tickets de boisson et sandwich).<\/p>\n<p style=\"text-align: justify;\"><strong>3 parcours VTT<\/strong> (diff\u00e9rents de l&rsquo;\u00e9dition 2016) seront propos\u00e9s : un <strong>18<\/strong> km familial assez roulant, un <strong>25<\/strong> interm\u00e9diaire (relativement roulant aussi sauf dans la partie autour de Mons en P\u00e9v\u00e8le) et un <strong>44<\/strong> km plus sportif avec plusieurs nouveaux passages techniques (singles en for\u00eat, mont\u00e9es et descentes&#8230;). <span style=\"text-decoration: underline;\">A noter qu&rsquo;une boucle technique suppl\u00e9mentaire de 10km vers Thumeries pourra \u00eatre faite pour la 25<\/span> (ce qui am\u00e8nerait donc \u00e0 35 km au total). (voir les cartes dans la <a href=\"https:\/\/veloclubfaumont.fr\/index.php\/2017-2\/rando-nocturne-vtt-de-faumont\/rando-nocturne-vtt-de-faumont-2017-les-cartes-des-parcours\/\">page 2<\/a>)<\/p>\n<p style=\"text-align: justify;\">A<em> souligner enfin que m\u00eame si la nocturne est r\u00e9serv\u00e9e aux VTT, rien n&#8217;emp\u00eache aux <strong>marcheurs<\/strong> ou <strong>trailers<\/strong> sportifs d&#8217;emprunter le 18 km familial (ou un autre parcours)<\/em>. <em>Un retour direct d&rsquo;urgence \u00e0 la salle (de 2 km) sera \u00e9galement possible juste apr\u00e8s le ravitaillement, ce qui ferait un parcours de 10 km facilement faisable \u00e0 pieds.<\/em><\/p>\n<p style=\"text-align: justify;\">Concernant les parcours, nous vous emm\u00e8nerons comme l&rsquo;ann\u00e9e derni\u00e8re autour des bois de Faumont et sur les c\u00f4tes de Mons en P\u00e9v\u00e8le (avec un nouveau passage bonus sur le talus de Thumeries et dans le bois du Golf de Thumeries) pour le grand parcours) avec un retour commun sur les pav\u00e9s et la voie verte de Bers\u00e9e (un bonus 2 km de pav\u00e9s sera \u00e9galement disponible pour les plus courageux). <a href=\"https:\/\/veloclubfaumont.fr\/index.php\/2017-2\/rando-nocturne-vtt-de-faumont\/rando-nocturne-vtt-de-faumont-2017-les-cartes-des-parcours\/\">Plus de d\u00e9tails ici<\/a>.<\/p>\n<p style=\"text-align: justify;\">Un <strong>premier gros ravitaillement<\/strong> sera propos\u00e9 (comme l&rsquo;ann\u00e9e derni\u00e8re) \u00e0 mi-parcours au pied du ch\u00e2teau de la Caignerie (sauf contre-ordre). Ceux qui emprunteront le 25 et le 44km auront droit \u00e0 <strong>un second ravito<\/strong> (plus l\u00e9ger) en haut du <em>Pas Roland<\/em> \u00e0 Mons en P\u00e9v\u00e8le.<\/p>\n<p>Un fl\u00e9chage bien visible sera l\u00e0 pour que vous ne puissiez pas vous perdre (normalement&#8230;.).<\/p>\n<p>Au moins un photographe sera \u00e9galement pr\u00e9sent pour immortaliser la soir\u00e9e.<\/p>\n<p style=\"text-align: justify;\"><span style=\"text-decoration: underline;\">Nouveaut\u00e9<\/span> : un <strong>stand maquillage<\/strong> (gratuit) pour les enfants (et pour les adultes) sera pr\u00e9sent \u00e0 l&rsquo;inscription de 19h00 \u00e0 20h30.<\/p>\n<p style=\"text-align: justify;\"><strong>A l&rsquo;arriv\u00e9e : Barbecue<\/strong> + <strong>boisson<\/strong>. Toute l&rsquo;\u00e9quipe du <a href=\"https:\/\/veloclubfaumont.fr\/index.php\/2017-2\/chicon-bike-tour\/chicon-bike-tour-2017-le-reportage\/\"><em>Chicon Bike Tour<\/em><\/a> sera l\u00e0 pour assurer niveau organisation.<\/p>\n<p>Prix : 5 euros <strong>(<a href=\"https:\/\/www.vtt-hautsdefrance.fr\/inscription-en-ligne\/rando-vtt-nocturne-de-faumont.html\" target=\"_blank\" rel=\"noopener\">en ligne <\/a><\/strong><span style=\"text-decoration: underline;\">avec tombola<\/span> &#8211; <strong>cliquez sur le lien pour acc\u00e9der \u00e0 la page d&rsquo;inscription en ligne sur le site partenaire vtt-hautsdefrance.fr &#8211; les frais \u00e9tant \u00e0 notre charge). <\/strong>A noter que la page sera ouverte jusqu&rsquo;au jeudi 24 \u00e0 minuit (nous vous offrons 24h suppl\u00e9mentaire).<br \/>\n<strong>Le jour J<\/strong> : une majoration de + <strong>1\u20ac<\/strong> <strong><span style=\"text-decoration: underline;\">sur place<\/span> pour les <span style=\"color: #ff0000;\">individuels <\/span><\/strong>(<span style=\"text-decoration: underline;\">sans tombola<\/span>). Pour les <strong><span style=\"color: #ff0000;\">clubs et licenci\u00e9s<\/span>, le prix restera \u00e0 5\u20ac.<\/strong><\/p>\n<p style=\"text-align: center;\"><em>Voici un aper\u00e7u de ce qui vous attend avec une vid\u00e9o de l&rsquo;\u00e9dition 2016 :<\/em><\/p>\n<p style=\"text-align: center;\"><iframe loading=\"lazy\" src=\"https:\/\/www.youtube.com\/embed\/RU0c0C9KSUA\" allowfullscreen=\"allowfullscreen\" width=\"560\" height=\"315\" frameborder=\"0\"><\/iframe><\/p>\n<table style=\"height: 39px; width: 735px; border-color: #db1616;\" border=\"3\">\n<tbody>\n<tr style=\"height: 26.6667px;\">\n<td style=\"width: 722.333px; height: 26.6667px; text-align: center;\"><span style=\"font-size: 14pt;\"><em><strong>Pour l&rsquo;<span style=\"color: #ff0000;\">\u00e9clairage<\/span>, nous vous conseillons (<span style=\"text-decoration: underline; color: #ff0000;\">surtout ceux qui opteront pour le 44km<\/span>) une lampe led de bonne qualit\u00e9 avec batterie rechargeable (entre 500 et 1000 lumens minimum pour bien voir de loin) sur votre v\u00e9lo + une lampe frontale (dans les 300 lumens) sur votre casque (pour les probl\u00e8mes techniques et en cas de d\u00e9faut de l&rsquo;autre). Les batteries rechargeables vous donneront une autonomie suffisante pour faire les 2h30 de la 44km de randonn\u00e9e dans la nuit noire (sachant qu&rsquo;au d\u00e9but, on peut se contenter de s&rsquo;\u00e9clairer qu&rsquo;\u00e0 la frontale). Des mod\u00e8les corrects sont disponibles \u00e0 partir de 20\u20ac sur internet. Les lampes fournies d&rsquo;origine avec les v\u00e9los ne sont l\u00e0 que pour \u00eatre vu, et non pas pour bien voir comme pour une rando VTT parfois technique. <\/strong><strong>Une lampe rouge \u00e0 l&rsquo;arri\u00e8re du VTT est \u00e9galement conseill\u00e9e (prendre la lampe d&rsquo;origine ou le premier prix au magasin du coin). Enfin, un gilet jaune est lui-aussi vivement conseill\u00e9 pour bien se faire voir des voitures dans les quelques parties bitum\u00e9es.<\/strong> <\/em><\/span><\/p>\n<p><img loading=\"lazy\" decoding=\"async\" class=\"alignleft\" src=\"http:\/\/www.purebike.fr\/images\/products\/800x600\/154612.jpg\" width=\"270\" height=\"203\"> <img loading=\"lazy\" decoding=\"async\" class=\"alignright\" src=\"http:\/\/www.purebike.fr\/images\/products\/1600x1200\/146887.jpg\" width=\"285\" height=\"214\"><\/p>\n<p>&nbsp;<\/p>\n<p><em>On peut trouver sur internet un \u00e9clairage de qualit\u00e9 entre 20 et 60\u20ac<\/em><\/td>\n<\/tr>\n<\/tbody>\n<\/table>\n<p>&nbsp;<\/p>\n<p style=\"text-align: justify;\"><a href=\"https:\/\/veloclubfaumont.fr\/index.php\/2017-2\/rando-nocturne-vtt-de-faumont\/rando-nocturne-vtt-de-faumont-2017-les-cartes-des-parcours\/\"><strong>Page des cartes d\u00e9taill\u00e9es<\/strong><\/a> des diff\u00e9rents parcours propos\u00e9s en 2017 (sauf changement de derni\u00e8re minute)<\/p>\n<p><a href=\"https:\/\/veloclubfaumont.fr\/index.php\/2016-2\/1ere-nocturne-vtt-faumontoise\/\">Page officielle de l&rsquo;\u00e9dition 2016<\/a><\/p>\n<p><strong>Plus d&rsquo;infos \u00e0 suivre&#8230;.<\/strong><\/p>\n<p>Faumont (entre Orchies et Douai) :<\/p>\n<div style=\"text-align: center;\"><iframe loading=\"lazy\" src=\"https:\/\/www.google.com\/maps\/embed?pb=!1m18!1m12!1m3!1d5080.229547170024!2d3.136463915154953!3d50.4575873947326!2m3!1f0!2f0!3f0!3m2!1i1024!2i768!4f13.1!3m3!1m2!1s0x47c2cfcf6c4a8b29%3A0x4de9d4ead86e6e55!2s767+Rue+nationale%2C+59310+Faumont!5e0!3m2!1sfr!2sfr!4v1474799079666\" allowfullscreen=\"allowfullscreen\" width=\"600\" height=\"450\" frameborder=\"0\"><\/iframe><\/div>\n<h3 style=\"text-align: center;\"><span style=\"color: #3366ff;\">NOTRE NOCTURNE EN QUELQUES PHOTOS :<\/span><\/h3>\n<p style=\"text-align: center;\"><div id=\"supsystic-slider-wrapper-3_936\" class=\"supsystic-slider-wrapper\"> <div class=\"slider-sharing-top\"><\/div> <div id=\"supsystic-slider-3_936\" class=\"supsystic-slider supsystic-slider-bx\" data-type=\"bx\" data-settings=\"{&quot;general&quot;:{&quot;mode&quot;:&quot;horizontal&quot;,&quot;moveSlides&quot;:&quot;0&quot;,&quot;auto&quot;:&quot;enable&quot;,&quot;slideshowControls&quot;:&quot;disable&quot;,&quot;navigation&quot;:&quot;0&quot;,&quot;rows&quot;:&quot;0&quot;,&quot;captions&quot;:&quot;true&quot;,&quot;captionsByMouseover&quot;:&quot;true&quot;,&quot;speed&quot;:&quot;300&quot;,&quot;easing&quot;:&quot;easeInBack&quot;},&quot;touch&quot;:{&quot;touchEnabled&quot;:&quot;true&quot;,&quot;oneToOne&quot;:&quot;true&quot;,&quot;swipeThreshold&quot;:&quot;55&quot;},&quot;pager&quot;:{&quot;pagerEnabled&quot;:&quot;true&quot;,&quot;pagerType&quot;:&quot;full&quot;},&quot;properties&quot;:{&quot;width&quot;:&quot;800&quot;,&quot;widthType&quot;:&quot;px&quot;,&quot;height&quot;:&quot;500&quot;,&quot;videoAutoplay&quot;:&quot;false&quot;},&quot;caption&quot;:{&quot;color&quot;:&quot;#fff&quot;,&quot;font-size&quot;:&quot;14&quot;,&quot;text-align&quot;:&quot;auto&quot;,&quot;font-family&quot;:&quot;Open Sans&quot;,&quot;font-type&quot;:&quot;standard&quot;,&quot;background-color-hex&quot;:&quot;#000&quot;,&quot;background-color&quot;:&quot;rgba(0, 0, 0, 1)&quot;,&quot;background-opacity&quot;:&quot;0.5&quot;,&quot;inTop&quot;:&quot;false&quot;},&quot;socialSharing&quot;:{&quot;status&quot;:&quot;disable&quot;,&quot;projectId&quot;:&quot;1&quot;,&quot;sliderSharing&quot;:{&quot;status&quot;:&quot;enable&quot;,&quot;buttonsPosition&quot;:&quot;top&quot;},&quot;imageSharing&quot;:{&quot;status&quot;:&quot;enable&quot;,&quot;buttonsPosition&quot;:&quot;top&quot;,&quot;buttonsAlign&quot;:&quot;center&quot;},&quot;pluginInstalled&quot;:false,&quot;projectsList&quot;:[],&quot;html&quot;:&quot;&quot;},&quot;__veditor__&quot;:&quot;&quot;}\" data-thumbs=\"thumbnails-3\" style=\"visibility: hidden; direction: ltr;overflow-x: hidden;\"> <ul style=\"visibility: hidden; margin: 0 !important;\"> <li class=\"slide\" data-id=\"1\"> <img decoding=\"async\" src=\"https:\/\/veloclubfaumont.fr\/wp-content\/uploads\/2017\/06\/DSC_0024-800x500.jpg\" alt=\"\" title=\"Inscription derri\u00e8re la salle des f\u00eates (cour de l&#039;\u00e9cole)\" data-title=\"Inscription derri\u00e8re la salle des f\u00eates (cour de l&#039;\u00e9cole)\"\/> <\/li> <li class=\"slide\" data-id=\"2\"> <img decoding=\"async\" src=\"https:\/\/veloclubfaumont.fr\/wp-content\/uploads\/2017\/06\/DSC_0229-800x500.jpg\" alt=\"\" title=\"Single des sorci\u00e8res au d\u00e9part commun\" data-title=\"Single des sorci\u00e8res au d\u00e9part commun\"\/> <\/li> <li class=\"slide\" data-id=\"3\"> <img decoding=\"async\" src=\"https:\/\/veloclubfaumont.fr\/wp-content\/uploads\/2017\/06\/DSC_0219-800x500.jpg\" alt=\"\" title=\"Passage commun par le Bois de l&#039;Aum\u00f4ne\" data-title=\"Passage commun par le Bois de l&#039;Aum\u00f4ne\"\/> <\/li> <li class=\"slide\" data-id=\"4\"> <img decoding=\"async\" src=\"https:\/\/veloclubfaumont.fr\/wp-content\/uploads\/2017\/06\/DSC_0029-800x500.jpg\" alt=\"\" title=\"Regroupement sur le parking de la Salle des F\u00eates\" data-title=\"Regroupement sur le parking de la Salle des F\u00eates\"\/> <\/li> <li class=\"slide\" data-id=\"5\"> <img decoding=\"async\" src=\"https:\/\/veloclubfaumont.fr\/wp-content\/uploads\/2017\/06\/DSC_0156-800x500.jpg\" alt=\"\" title=\"D\u00e9part group\u00e9 vers 20h45\" data-title=\"D\u00e9part group\u00e9 vers 20h45\"\/> <\/li> <li class=\"slide\" data-id=\"6\"> <img decoding=\"async\" src=\"https:\/\/veloclubfaumont.fr\/wp-content\/uploads\/2017\/06\/DSC_0259-800x500.jpg\" alt=\"\" title=\"Le fameux &quot;relais de chasse&quot;, lieu des ravitos\" data-title=\"Le fameux &quot;relais de chasse&quot;, lieu des ravitos\"\/> <\/li> <li class=\"slide\" data-id=\"7\"> <img decoding=\"async\" src=\"https:\/\/veloclubfaumont.fr\/wp-content\/uploads\/2017\/06\/DSC_0236-800x500.jpg\" alt=\"\" title=\"Mont\u00e9e vers Mons en P\u00e9v\u00e8le\" data-title=\"Mont\u00e9e vers Mons en P\u00e9v\u00e8le\"\/> <\/li> <li class=\"slide\" data-id=\"8\"> <img decoding=\"async\" src=\"https:\/\/veloclubfaumont.fr\/wp-content\/uploads\/2017\/06\/DSC_0159-800x500.jpg\" alt=\"\" title=\"Ravitaillement (2 fois au m\u00eame endroit pour la 50)\" data-title=\"Ravitaillement (2 fois au m\u00eame endroit pour la 50)\"\/> <\/li> <li class=\"slide\" data-id=\"9\"> <img decoding=\"async\" src=\"https:\/\/veloclubfaumont.fr\/wp-content\/uploads\/2017\/06\/DSC_0256-800x500.jpg\" alt=\"\" title=\"Une bonne collation pour se remettre de ses \u00e9motions\" data-title=\"Une bonne collation pour se remettre de ses \u00e9motions\"\/> <\/li> <li class=\"slide\" data-id=\"10\"> <img decoding=\"async\" src=\"https:\/\/veloclubfaumont.fr\/wp-content\/uploads\/2017\/06\/vcfaumont-2017-05-14-15h59m53s564-800x500.jpg\" alt=\"\" title=\"Passage sur le talus de Thumeries (50)\" data-title=\"Passage sur le talus de Thumeries (50)\"\/> <\/li> <li class=\"slide\" data-id=\"11\"> <img decoding=\"async\" src=\"https:\/\/veloclubfaumont.fr\/wp-content\/uploads\/2017\/06\/DSC_0217-800x500.jpg\" alt=\"\" title=\"Retour \u00e0 la salle\" data-title=\"Retour \u00e0 la salle\"\/> <\/li> <li class=\"slide\" data-id=\"12\"> <img decoding=\"async\" src=\"https:\/\/veloclubfaumont.fr\/wp-content\/uploads\/2017\/06\/vcfaumont-2017-05-14-15h52m33s864-800x500.jpg\" alt=\"\" title=\"Single le long du Golf de Thumeries (50)\" data-title=\"Single le long du Golf de Thumeries (50)\"\/> <\/li> <li class=\"slide\" data-id=\"13\"> <img decoding=\"async\" src=\"https:\/\/veloclubfaumont.fr\/wp-content\/uploads\/2017\/06\/DSC_0200-800x500.jpg\" alt=\"\" title=\"Il y aura du choix pour bien repartir\" data-title=\"Il y aura du choix pour bien repartir\"\/> <\/li> <li class=\"slide\" data-id=\"14\"> <img decoding=\"async\" src=\"https:\/\/veloclubfaumont.fr\/wp-content\/uploads\/2017\/06\/DSC_0210-800x500.jpg\" alt=\"\" title=\"Rubalise aux endroits strat\u00e9giques\" data-title=\"Rubalise aux endroits strat\u00e9giques\"\/> <\/li> <li class=\"slide\" data-id=\"15\"> <img decoding=\"async\" src=\"https:\/\/veloclubfaumont.fr\/wp-content\/uploads\/2017\/06\/DSC_0250-800x500.jpg\" alt=\"\" title=\"Un bon barbecue vous attendra \u00e0 votre retour\" data-title=\"Un bon barbecue vous attendra \u00e0 votre retour\"\/> <\/li> <li class=\"slide\" data-id=\"16\"> <img decoding=\"async\" src=\"https:\/\/veloclubfaumont.fr\/wp-content\/uploads\/2017\/06\/DSC_1090-800x500.jpg\" alt=\"\" title=\"L&#039;un des chemins agricoles de notre nocturne\" data-title=\"L&#039;un des chemins agricoles de notre nocturne\"\/> <\/li> <li class=\"slide\" data-id=\"17\"> <img decoding=\"async\" src=\"https:\/\/veloclubfaumont.fr\/wp-content\/uploads\/2017\/06\/DSC_1094-800x500.jpg\" alt=\"\" title=\"Retour 26-50\" data-title=\"Retour 26-50\"\/> <\/li> <li class=\"slide\" data-id=\"18\"> <img decoding=\"async\" src=\"https:\/\/veloclubfaumont.fr\/wp-content\/uploads\/2017\/06\/DSC_0246-800x500.jpg\" alt=\"\" title=\"Bon ap\u00e9tit !\" data-title=\"Bon ap\u00e9tit !\"\/> <\/li> <li class=\"slide\" data-id=\"19\"> <img decoding=\"async\" src=\"https:\/\/veloclubfaumont.fr\/wp-content\/uploads\/2017\/04\/DSC_0005-800x500.jpg\" alt=\"\" title=\"Un grand parking en face de la salle pour vous accueillir\" data-title=\"Un grand parking en face de la salle pour vous accueillir\"\/> <\/li> <\/ul> <\/div> <ul class=\"thumbnails-3 thumbs\" style=\"visibility: hidden; margin: 0 !important;\"> <li> <img decoding=\"async\" data-index=\"0\" src=\"https:\/\/veloclubfaumont.fr\/wp-content\/uploads\/2017\/06\/DSC_0024-200x166.jpg\" alt=\"Dsc_0024\" title=\"Inscription derri\u00e8re la salle des f\u00eates (cour de l&#039;\u00e9cole)\" data-title=\"Inscription derri\u00e8re la salle des f\u00eates (cour de l&#039;\u00e9cole)\" style=\"\" \/> <\/li> <li> <img decoding=\"async\" data-index=\"1\" src=\"https:\/\/veloclubfaumont.fr\/wp-content\/uploads\/2017\/06\/DSC_0229-200x166.jpg\" alt=\"Dsc_0229\" title=\"Single des sorci\u00e8res au d\u00e9part commun\" data-title=\"Single des sorci\u00e8res au d\u00e9part commun\" style=\"\" \/> <\/li> <li> <img decoding=\"async\" data-index=\"2\" src=\"https:\/\/veloclubfaumont.fr\/wp-content\/uploads\/2017\/06\/DSC_0219-200x166.jpg\" alt=\"Dsc_0219\" title=\"Passage commun par le Bois de l&#039;Aum\u00f4ne\" data-title=\"Passage commun par le Bois de l&#039;Aum\u00f4ne\" style=\"\" \/> <\/li> <li> <img decoding=\"async\" data-index=\"3\" src=\"https:\/\/veloclubfaumont.fr\/wp-content\/uploads\/2017\/06\/DSC_0029-200x166.jpg\" alt=\"Dsc_0029\" title=\"Regroupement sur le parking de la Salle des F\u00eates\" data-title=\"Regroupement sur le parking de la Salle des F\u00eates\" style=\"\" \/> <\/li> <li> <img decoding=\"async\" data-index=\"4\" src=\"https:\/\/veloclubfaumont.fr\/wp-content\/uploads\/2017\/06\/DSC_0156-200x166.jpg\" alt=\"Dsc_0156\" title=\"D\u00e9part group\u00e9 vers 20h45\" data-title=\"D\u00e9part group\u00e9 vers 20h45\" style=\"\" \/> <\/li> <li> <img decoding=\"async\" data-index=\"5\" src=\"https:\/\/veloclubfaumont.fr\/wp-content\/uploads\/2017\/06\/DSC_0259-200x166.jpg\" alt=\"Dsc_0259\" title=\"Le fameux &quot;relais de chasse&quot;, lieu des ravitos\" data-title=\"Le fameux &quot;relais de chasse&quot;, lieu des ravitos\" style=\"\" \/> <\/li> <li> <img decoding=\"async\" data-index=\"6\" src=\"https:\/\/veloclubfaumont.fr\/wp-content\/uploads\/2017\/06\/DSC_0236-200x166.jpg\" alt=\"Dsc_0236\" title=\"Mont\u00e9e vers Mons en P\u00e9v\u00e8le\" data-title=\"Mont\u00e9e vers Mons en P\u00e9v\u00e8le\" style=\"\" \/> <\/li> <li> <img decoding=\"async\" data-index=\"7\" src=\"https:\/\/veloclubfaumont.fr\/wp-content\/uploads\/2017\/06\/DSC_0159-200x166.jpg\" alt=\"Dsc_0159\" title=\"Ravitaillement (2 fois au m\u00eame endroit pour la 50)\" data-title=\"Ravitaillement (2 fois au m\u00eame endroit pour la 50)\" style=\"\" \/> <\/li> <li> <img decoding=\"async\" data-index=\"8\" src=\"https:\/\/veloclubfaumont.fr\/wp-content\/uploads\/2017\/06\/DSC_0256-200x166.jpg\" alt=\"Dsc_0256\" title=\"Une bonne collation pour se remettre de ses \u00e9motions\" data-title=\"Une bonne collation pour se remettre de ses \u00e9motions\" style=\"\" \/> <\/li> <li> <img decoding=\"async\" data-index=\"9\" src=\"https:\/\/veloclubfaumont.fr\/wp-content\/uploads\/2017\/06\/vcfaumont-2017-05-14-15h59m53s564-200x166.jpg\" alt=\"Vcfaumont-2017-05-14-15H59M53S564\" title=\"Passage sur le talus de Thumeries (50)\" data-title=\"Passage sur le talus de Thumeries (50)\" style=\"\" \/> <\/li> <li> <img decoding=\"async\" data-index=\"10\" src=\"https:\/\/veloclubfaumont.fr\/wp-content\/uploads\/2017\/06\/DSC_0217-200x166.jpg\" alt=\"Dsc_0217\" title=\"Retour \u00e0 la salle\" data-title=\"Retour \u00e0 la salle\" style=\"\" \/> <\/li> <li> <img decoding=\"async\" data-index=\"11\" src=\"https:\/\/veloclubfaumont.fr\/wp-content\/uploads\/2017\/06\/vcfaumont-2017-05-14-15h52m33s864-200x166.jpg\" alt=\"Vcfaumont-2017-05-14-15H52M33S864\" title=\"Single le long du Golf de Thumeries (50)\" data-title=\"Single le long du Golf de Thumeries (50)\" style=\"\" \/> <\/li> <li> <img decoding=\"async\" data-index=\"12\" src=\"https:\/\/veloclubfaumont.fr\/wp-content\/uploads\/2017\/06\/DSC_0200-200x166.jpg\" alt=\"Dsc_0200\" title=\"Il y aura du choix pour bien repartir\" data-title=\"Il y aura du choix pour bien repartir\" style=\"\" \/> <\/li> <li> <img decoding=\"async\" data-index=\"13\" src=\"https:\/\/veloclubfaumont.fr\/wp-content\/uploads\/2017\/06\/DSC_0210-200x166.jpg\" alt=\"Dsc_0210\" title=\"Rubalise aux endroits strat\u00e9giques\" data-title=\"Rubalise aux endroits strat\u00e9giques\" style=\"\" \/> <\/li> <li> <img decoding=\"async\" data-index=\"14\" src=\"https:\/\/veloclubfaumont.fr\/wp-content\/uploads\/2017\/06\/DSC_0250-200x166.jpg\" alt=\"Dsc_0250\" title=\"Un bon barbecue vous attendra \u00e0 votre retour\" data-title=\"Un bon barbecue vous attendra \u00e0 votre retour\" style=\"\" \/> <\/li> <li> <img decoding=\"async\" data-index=\"15\" src=\"https:\/\/veloclubfaumont.fr\/wp-content\/uploads\/2017\/06\/DSC_1090-200x166.jpg\" alt=\"Dsc_1090\" title=\"L&#039;un des chemins agricoles de notre nocturne\" data-title=\"L&#039;un des chemins agricoles de notre nocturne\" style=\"\" \/> <\/li> <li> <img decoding=\"async\" data-index=\"16\" src=\"https:\/\/veloclubfaumont.fr\/wp-content\/uploads\/2017\/06\/DSC_1094-200x166.jpg\" alt=\"Dsc_1094\" title=\"Retour 26-50\" data-title=\"Retour 26-50\" style=\"\" \/> <\/li> <li> <img decoding=\"async\" data-index=\"17\" src=\"https:\/\/veloclubfaumont.fr\/wp-content\/uploads\/2017\/06\/DSC_0246-200x166.jpg\" alt=\"Dsc_0246\" title=\"Bon ap\u00e9tit !\" data-title=\"Bon ap\u00e9tit !\" style=\"\" \/> <\/li> <li> <img decoding=\"async\" data-index=\"18\" src=\"https:\/\/veloclubfaumont.fr\/wp-content\/uploads\/2017\/04\/DSC_0005-200x166.jpg\" alt=\"Dsc_0005\" title=\"Un grand parking en face de la salle pour vous accueillir\" data-title=\"Un grand parking en face de la salle pour vous accueillir\" style=\"\" \/> <\/li> <\/ul> <div class=\"slider-sharing-bottom\"><\/div> <\/div><\/p>\n<p style=\"text-align: center;\"><em>Vid\u00e9o de notre reconnaissance de nuit du 44km de l&rsquo;\u00e9dition 2017 :<\/em><\/p>\n<p style=\"text-align: center;\"><iframe loading=\"lazy\" src=\"https:\/\/www.youtube.com\/embed\/vQlaTMsBfwI\" allowfullscreen=\"allowfullscreen\" width=\"560\" height=\"315\" frameborder=\"0\"><\/iframe><\/p>\n<p style=\"text-align: center;\">&nbsp;<\/p>\n<p style=\"text-align: center;\"><em>Vid\u00e9o de l&rsquo;\u00e9dition 2016 (par l&rsquo;un des randonneurs) :<\/em><\/p>\n<p style=\"text-align: center;\"><iframe loading=\"lazy\" src=\"https:\/\/www.youtube.com\/embed\/8v8T_BQv8Xw\" allowfullscreen=\"allowfullscreen\" width=\"560\" height=\"315\" frameborder=\"0\"><\/iframe><\/p>\n<p style=\"text-align: center;\">&nbsp;<\/p>\n","protected":false},"excerpt":{"rendered":"<p>Page 1 : pr\u00e9sentation + inscriptions en ligne Page 2 : les diff\u00e9rents parcours Page 3 : reportage photos du 25km Page 4 : reportage photos du 44km Page 5&#8230;<\/p>\n","protected":false},"author":1,"featured_media":0,"parent":26,"menu_order":0,"comment_status":"closed","ping_status":"closed","template":"","meta":{"ngg_post_thumbnail":0,"jetpack_post_was_ever_published":false,"two_page_speed":[],"footnotes":""},"class_list":["post-5851","page","type-page","status-publish","hentry"],"jetpack_sharing_enabled":true,"jetpack_shortlink":"https:\/\/wp.me\/P8bXJp-1wn","_links":{"self":[{"href":"https:\/\/veloclubfaumont.fr\/index.php\/wp-json\/wp\/v2\/pages\/5851","targetHints":{"allow":["GET"]}}],"collection":[{"href":"https:\/\/veloclubfaumont.fr\/index.php\/wp-json\/wp\/v2\/pages"}],"about":[{"href":"https:\/\/veloclubfaumont.fr\/index.php\/wp-json\/wp\/v2\/types\/page"}],"author":[{"embeddable":true,"href":"https:\/\/veloclubfaumont.fr\/index.php\/wp-json\/wp\/v2\/users\/1"}],"replies":[{"embeddable":true,"href":"https:\/\/veloclubfaumont.fr\/index.php\/wp-json\/wp\/v2\/comments?post=5851"}],"version-history":[{"count":0,"href":"https:\/\/veloclubfaumont.fr\/index.php\/wp-json\/wp\/v2\/pages\/5851\/revisions"}],"up":[{"embeddable":true,"href":"https:\/\/veloclubfaumont.fr\/index.php\/wp-json\/wp\/v2\/pages\/26"}],"wp:attachment":[{"href":"https:\/\/veloclubfaumont.fr\/index.php\/wp-json\/wp\/v2\/media?parent=5851"}],"curies":[{"name":"wp","href":"https:\/\/api.w.org\/{rel}","templated":true}]}}