{"id":767,"date":"2016-12-13T17:58:49","date_gmt":"2016-12-13T16:58:49","guid":{"rendered":"http:\/\/veloclubfaumont.fr\/?page_id=767"},"modified":"2016-12-13T17:58:49","modified_gmt":"2016-12-13T16:58:49","slug":"1ere-ronde-de-la-fraise-2015","status":"publish","type":"page","link":"https:\/\/veloclubfaumont.fr\/index.php\/2015-2\/1ere-ronde-de-la-fraise-2015\/","title":{"rendered":"1\u00e8re Ronde de la Fraise 2015"},"content":{"rendered":"<p><span class=\"fsl\"><a href=\"https:\/\/veloclubfaumont.fr\/index.php\/2015-2\/1ere-ronde-de-la-fraise-2015\/rondedelafraise31mai2015\/\" rel=\"attachment wp-att-768\"><img loading=\"lazy\" decoding=\"async\" class=\"alignleft size-medium wp-image-768\" src=\"https:\/\/veloclubfaumont.fr\/wp-content\/uploads\/2016\/12\/rondedelafraise31mai2015-213x300.jpg\" alt=\"\" width=\"213\" height=\"300\" srcset=\"https:\/\/veloclubfaumont.fr\/wp-content\/uploads\/2016\/12\/rondedelafraise31mai2015-213x300.jpg 213w, https:\/\/veloclubfaumont.fr\/wp-content\/uploads\/2016\/12\/rondedelafraise31mai2015.jpg 617w\" sizes=\"auto, (max-width: 213px) 100vw, 213px\" \/><\/a>Le <a href=\"https:\/\/www.facebook.com\/pages\/VC-Faumont\/1528374570756772\" data-gt=\"{&quot;entity_id&quot;:&quot;1528374570756772&quot;,&quot;entity_path&quot;:&quot;WebEventPublicProdFeedPermalinkController&quot;}\" data-hovercard=\"\/ajax\/hovercard\/page.php?id=1528374570756772&amp;extragetparams=%7B%22directed_target_id%22%3A0%7D\">VC Faumont<\/a> a organis\u00e9 le dimanche 31 mai 2015 sa premi\u00e8re \u00ab&nbsp;Ronde de la Fraise&nbsp;\u00bb. Ce brevet \u00e9tait exclusivement r\u00e9serv\u00e9 aux cyclotouristes pour cette premi\u00e8re \u00e9dition, <strong>pas de VTT ni de marcheurs donc<\/strong>.<\/span><\/p>\n<p>3 parcours route \u00e9taient propos\u00e9s : 25-55 et 75 km.<br \/>\nLa participation de 3 \u20ac.<br \/>\nUne collation ainsi qu\u2019un lot de fraises attendaient tous les participants \u00e0 l\u2019arriv\u00e9e.<\/p>\n<p>Exceptionnellement, l\u2019accueil ne se fera pas \u00e0 la salle des f\u00eates de Faumont, mais le d\u00e9part et arriv\u00e9e se feront au magasin \u00ab&nbsp;Au Potager&nbsp;\u00bb, rue de la Carcasse entre Faumont et Bers\u00e9e, \u00e0 500 m du centre-ville. <a href=\"http:\/\/veloclubfaumont.890m.com\/wp-content\/uploads\/2016\/10\/85.jpg\"><img loading=\"lazy\" decoding=\"async\" class=\" wp-image-1052 alignright\" src=\"http:\/\/veloclubfaumont.890m.com\/wp-content\/uploads\/2016\/10\/85-300x200.jpg\" sizes=\"auto, (max-width: 300px) 100vw, 300px\" srcset=\"http:\/\/veloclubfaumont.890m.com\/wp-content\/uploads\/2016\/10\/85-300x200.jpg 300w, http:\/\/veloclubfaumont.890m.com\/wp-content\/uploads\/2016\/10\/85-768x511.jpg 768w, http:\/\/veloclubfaumont.890m.com\/wp-content\/uploads\/2016\/10\/85-272x182.jpg 272w, http:\/\/veloclubfaumont.890m.com\/wp-content\/uploads\/2016\/10\/85.jpg 1000w\" alt=\"85\" width=\"326\" height=\"217\"><\/a><\/p>\n<p><u>Le mot du Pr\u00e9sident<\/u> : <em>Un grand MERCI aux 228 t\u00e9m\u00e9raires qui ont os\u00e9 braver le vent et la pluie lors de cette 1<sup>\u00e8re<\/sup> RONDE de la FRAISE.<\/em><\/p>\n<p><a href=\"http:\/\/velodom.eklablog.com\/1ere-edition-de-la-ronde-de-la-fraise-a-bersee-a117798286\" target=\"_blank\">Reportage de Dominique Bertout sur Velodom<\/a><br \/>\n<a href=\"http:\/\/tignon.andre.free.fr\/report.php?id=1785\" target=\"_blank\">Reportage d\u2019Andr\u00e9 Tignon<\/a><\/p>\n<p>Voici diverses photos sur notre compte Facebook et Google+.<\/p>\n<table style=\"height: 191px;\" width=\"691\" cellspacing=\"1\" cellpadding=\"1\" border=\"1\">\n<tbody>\n<tr>\n<td style=\"text-align: center;\"><strong>FACEBOOK<\/strong><\/td>\n<td style=\"text-align: center;\"><strong>&nbsp;GOOGLE +&nbsp; <\/strong><\/td>\n<\/tr>\n<tr>\n<td style=\"text-align: center;\"><strong><a href=\"https:\/\/www.facebook.com\/media\/set\/?set=a.1577775599150002.1073741933.1528374570756772&amp;type=1\">&nbsp;Montage de l\u2019accueil&nbsp; <\/a><\/strong><\/td>\n<td style=\"text-align: center;\"><strong><a href=\"https:\/\/goo.gl\/photos\/Vs8GcwWv2hAyjnKW9\" target=\"_blank\">Montage de l\u2019accueil<\/a><br \/>\n<\/strong><\/td>\n<\/tr>\n<tr>\n<td style=\"text-align: center;\"><a href=\"https:\/\/www.facebook.com\/media\/set\/?set=a.1577777092483186.1073741934.1528374570756772&amp;type=1\">&nbsp;<strong>Arriv\u00e9e des Randonneurs<\/strong>&nbsp; <\/a><\/td>\n<td style=\"text-align: center;\"><strong><a href=\"https:\/\/goo.gl\/photos\/1g4hNEtXudFadvTj9\" target=\"_top\">Arriv\u00e9e des Cyclos<\/a><br \/>\n<\/strong><\/td>\n<\/tr>\n<tr>\n<td style=\"text-align: center;\"><a href=\"https:\/\/www.facebook.com\/media\/set\/?set=a.1577827545811474.1073741936.1528374570756772&amp;type=1\"><strong>&nbsp;Retour des cyclotouristes&nbsp; <\/strong><\/a><\/td>\n<td style=\"text-align: center;\"><strong><a href=\"https:\/\/goo.gl\/photos\/1qp8K1JSPQfaKBwU8\" target=\"_blank\">Retour des cyclotouristes<\/a><br \/>\n<\/strong><\/td>\n<\/tr>\n<tr>\n<td style=\"text-align: center;\"><a href=\"https:\/\/www.facebook.com\/media\/set\/?set=a.1577934032467492.1073741937.1528374570756772&amp;type=1\" target=\"_blank\"><strong>D\u00e9montage et pot de d\u00e9part<\/strong><\/a><\/td>\n<td style=\"text-align: center;\"><a href=\"https:\/\/goo.gl\/photos\/p4zRs9Sqszcj4pFz6\" target=\"_blank\"><strong>D\u00e9montage et pot de d\u00e9part<\/strong><\/a><\/td>\n<\/tr>\n<\/tbody>\n<\/table>\n","protected":false},"excerpt":{"rendered":"<p>Le VC Faumont a organis\u00e9 le dimanche 31 mai 2015 sa premi\u00e8re \u00ab&nbsp;Ronde de la Fraise&nbsp;\u00bb. Ce brevet \u00e9tait exclusivement r\u00e9serv\u00e9 aux cyclotouristes pour cette premi\u00e8re \u00e9dition, pas de VTT&#8230;<\/p>\n","protected":false},"author":1,"featured_media":0,"parent":30,"menu_order":0,"comment_status":"closed","ping_status":"closed","template":"","meta":{"ngg_post_thumbnail":0,"jetpack_post_was_ever_published":false,"two_page_speed":[],"footnotes":""},"class_list":["post-767","page","type-page","status-publish","hentry"],"jetpack_sharing_enabled":true,"jetpack_shortlink":"https:\/\/wp.me\/P8bXJp-cn","_links":{"self":[{"href":"https:\/\/veloclubfaumont.fr\/index.php\/wp-json\/wp\/v2\/pages\/767","targetHints":{"allow":["GET"]}}],"collection":[{"href":"https:\/\/veloclubfaumont.fr\/index.php\/wp-json\/wp\/v2\/pages"}],"about":[{"href":"https:\/\/veloclubfaumont.fr\/index.php\/wp-json\/wp\/v2\/types\/page"}],"author":[{"embeddable":true,"href":"https:\/\/veloclubfaumont.fr\/index.php\/wp-json\/wp\/v2\/users\/1"}],"replies":[{"embeddable":true,"href":"https:\/\/veloclubfaumont.fr\/index.php\/wp-json\/wp\/v2\/comments?post=767"}],"version-history":[{"count":0,"href":"https:\/\/veloclubfaumont.fr\/index.php\/wp-json\/wp\/v2\/pages\/767\/revisions"}],"up":[{"embeddable":true,"href":"https:\/\/veloclubfaumont.fr\/index.php\/wp-json\/wp\/v2\/pages\/30"}],"wp:attachment":[{"href":"https:\/\/veloclubfaumont.fr\/index.php\/wp-json\/wp\/v2\/media?parent=767"}],"curies":[{"name":"wp","href":"https:\/\/api.w.org\/{rel}","templated":true}]}}