{"id":772,"date":"2016-12-13T18:01:57","date_gmt":"2016-12-13T17:01:57","guid":{"rendered":"http:\/\/veloclubfaumont.fr\/?page_id=772"},"modified":"2016-12-13T18:01:57","modified_gmt":"2016-12-13T17:01:57","slug":"assemblee-generale-2015","status":"publish","type":"page","link":"https:\/\/veloclubfaumont.fr\/index.php\/2015-2\/assemblee-generale-2015\/","title":{"rendered":"Assembl\u00e9e G\u00e9n\u00e9rale 2015"},"content":{"rendered":"<div class=\"entry-content clearfix\">\n<div class=\"mep_standard1\">\n<div class=\"meps_bloc_tbl\">\n<div class=\"meps_bloc_tbl_rw\">\n<div class=\"meps_bloc_tbl_cll\">\n<p>C\u2019est ce dimanche 13 d\u00e9cembre 2015 qu\u2019avait lieu notre Assembl\u00e9e G\u00e9n\u00e9rale de fin d\u2019ann\u00e9e.<\/p>\n<p>Ce fut l\u2019occasion de s\u2019inscrire pour la saison 2016, de pr\u00e9senter aux membres le bilan financier du club, les diff\u00e9rents \u00e9v\u00e9nements qui ont jalonn\u00e9 2015 et ceux \u00e0 venir en 2016. Ce fut \u00e9galement l\u2019occasion de r\u00e9compenser les meilleurs randonneurs de l\u2019ann\u00e9e, les membres du bureau pour leur disponibilit\u00e9 ainsi que les b\u00e9n\u00e9voles f\u00e9minines qui viennent chaque ann\u00e9e pr\u00eater secours lors du Chicon Bike Tour ou de la Ronde de la Fraise. Le tiers sortant (Gilles Courtois, Olivier et Didier) est reconduit pour une ann\u00e9e suppl\u00e9mentaire. Ce fut enfin le moment de souhaiter la bienvenues \u00e0 2 petits nouveaux : Louis en cyclo et S\u00e9bastien en VTT.<\/p>\n<p>Concernant l\u2019<strong>ann\u00e9e 2015<\/strong> du VCF, elle a commenc\u00e9 en janvier avec son traditionnel Chicon Bike Tour qui a attir\u00e9 un peu moins de 2 000 participants malgr\u00e9 une m\u00e9t\u00e9o quelque peu pluvieuse en d\u00e9but de matin\u00e9e. Le nouveau rendez-vous cyclo \u00ab&nbsp;La Ronde de la Fraise&nbsp;\u00bb (le jour de la F\u00eate des M\u00e8res) a aussi essuy\u00e9 les affres peu engageants d\u2019une m\u00e9t\u00e9o d\u00e9cid\u00e9ment capricieuse. Malgr\u00e9 cela, l\u2019\u00e9v\u00e9nement est reconduit l\u2019ann\u00e9e prochaine. Heureusement que notre \u00ab&nbsp;Sortie familiale&nbsp;\u00bb en septembre s\u2019est d\u00e9roul\u00e9e sous un franc soleil, ce qui a permis d\u2019attirer beaucoup de cyclistes amateurs qui ont \u00e9t\u00e9 ravis de rouler vers le ch\u00e2teau de Roost-Warrendin.Les grandes autres dates marquantes du club : Lille-Hardelot en mai, le raid Paris-Roubaix VTT. Apr\u00e8s Cloyes\/Loir au Sud de Paris en 2014, les VTT sont partis en week-end \u00e0 Fontainebleau.<\/p>\n<p>Concernant les <strong>nouveaut\u00e9s 2016<\/strong>, il y aura le retour de la Braderie du VCF le dimanche 28 ao\u00fbt qui sera prolong\u00e9e d\u2019une <strong>Rando VTT nocturne<\/strong> le soir m\u00eame. Un autre week-end VTT est pr\u00e9vu (avec ouverture aux cyclos).<\/p>\n<\/div>\n<\/div>\n<\/div>\n<\/div>\n<div class=\"mep_standard1\">\n<div class=\"meps_bloc_tbl\">\n<div class=\"meps_bloc_tbl_rw\">\n<div class=\"meps_bloc_tbl_cll\">\n<div style=\"text-align: center;\"><img decoding=\"async\" src=\"https:\/\/lh3.googleusercontent.com\/h4dYnh_wXuwF-ILxc67cKbI7QLY63PpacasMHBuLv1UfdJP5MKwyOlD6UdYo2T28keovxpUMa9YYEMUo7rCgvtx-uNmVS4xL8E7wV26mxzlpJEQnd4ysrnXQQjFtsktkqmQDjE8rjtiDwvO7QAxF1mTSeUL_5iusAsaIocGObZr-ktG3-FZzzbnlfraNYxGJNquSy_QsjgSbu5R_4jcKZ4V045u2dwl__Fzk7c1rd5Z3KJnR9OkwSnpxPclQIDt_MFuGwx7qT15ZWN4vld27i66cOmOzxK5VLqXjrfj_GTd2mUHtotO0guMwxd_Xqvw-vr2YFlrEzcFjM4JFINrrBt2amU7J2TtVgqTsQV-G0ujKxTrUjB4GO-tw7F3bJuj3GrVyGDkL476Ia_CUQdAkakj95jgEpQTR1mui_-46gDCilHZo6i5hZjBqzZlmAzQF-2BjI3I6E4t3LiJ4lLooA4aAe8EBCA7NdTn2_Iiung7LCj8C9k7A77fIJVrmJ_ROtSrnU_cCThLqnJpFYUlW2_ONVNRaI6TeoR_3_gBnx4Doj9Wy4ncU1MfjIAoJGgyeAbvo=w1152-h768-no\" alt=\"\"><br \/>\n<em>Arriv\u00e9e des membres et inscriptions (dont le nouveau cyclo Louis \u00e0 droite)<\/em><\/div>\n<div>&nbsp;<\/div>\n<div>\n<p style=\"text-align: center;\"><img decoding=\"async\" src=\"https:\/\/lh3.googleusercontent.com\/fEp-fNVb2NXbzcatcZABd1EKT-zkAOv1XGiPGKLE_nwSIOqlgDDSeslDgk5hW1Vx6YJxbOp39gIs2A139nZRq_TOlt71jI2z_stVWf46AMmzUabMFlB7weUOpf1GYd3MRbC6I2WWgemJT5IIgvPIIZOKdm0cR0UYaVCFy-UG_AyBVTTm1dksLd31LtPFg9FrlRZ6s0rQ5_dW6_KUB2GUKOqEVwwVjfILYSGaYaOsUFF669Qa65g4q0VKiGefKkD04Fgjs8iim-x7Tle3D1_bvc4JFe4hN43xdSXRuIgHSmLKCnm8ScH49F7UlQa6bOOrWspd7LFG3Y1xnj_9PcWtMOv5Sr3LCTmDbfQ18DHO_cFYvDgwK7W-GhqF4CY3s8-RFu6VNtpTsQR5WDx92ey1AYf0njPUqJ_7FqrAFKrDdovtwgxiX2c8yrTLcDjDmhXOmdUrleAVRzV_RjnXicgiHDVe3ZraOqmt7-aZWaXkX-ptE2kBidVhlCpSFNOZh4Zv0lLfk0jrFAeP9b9rp3Ifh4pjWRPaNecZBbLKeTOHAD9S6_tHusjE9PVEEPcSz2rm9yEA=w1152-h768-no\" alt=\"\"><br \/>\n<em>La salle commence doucement \u00e0 se remplir<\/em><\/p>\n<\/div>\n<div>\n<p style=\"text-align: center;\"><img decoding=\"async\" src=\"https:\/\/lh3.googleusercontent.com\/2DqWiOIf8dijbA-TB8Y8m7twzJE-ZbltHjpmbWmpilgTYoVZuCxxUyXH5JN59aIgm2PEnO15DxQppNHgWjfCDcHorW3gQNCt9i4LyEoM3tCHA6IOwVExdwTuFxcHV15xLrQeLk8rjzCicEtd5jO5E_sxzLnsUeybq_aWpvX4bfMTTdqJYWlHAE4_scVCMC_EUJ0vzr58eDFoMf0b7A2STV397wz1lnRSKyZaVTBVlXqGCKMMdZwPeZOmhBxtM_FwSSfzSYtr3UksYD5TICOT0fAxB3zICvoUDEQKJk61pBy3FwrOPfHQFnDYAo_7NQ46UnDIsdiP8060paz-O_iaTq5GljocnwbATUQwQl-P8YqLkGRp87sf-FIchlgX_Tph2aJOUV3tUaVUUbwjWkLiTlG5L4ph7BUBLpRPM1e7vBN_ivKM1flSiYdu2QZlLRk5kN48btTFgeiQhRD55JBvYPXczyhCRqVZMSyEEkM1CsmT7L31fgXSNya6bKNVcmsW9POoxpaKZwBD1OyAzOyUVi9Vxn_LTJ-kIDJImBelIAJykDq7_ScM_UydLpHR95HKhTYm=w1152-h768-no\" alt=\"\"><br \/>\n<em>C\u2019est l\u2019occasion de se retrouver tous ensemble et de discuter<\/em><\/p>\n<\/div>\n<div>\n<p style=\"text-align: center;\"><img decoding=\"async\" src=\"https:\/\/lh3.googleusercontent.com\/0DqKsGdJmUpNxSDNZy0uvo1LRlAPYvaxxJ7tSvERV6SwvOsst5UQxX7PsdhOifZjHJG29qoiK0-1Ty9kjJAsZBvA_WP4aSmojUowWrFtz6awTlH6RSN6oBDl8t5xAYlBlOjSxhGF6MEC5estBFTdmDFG9W-srh-y3LizA3GOT2SSt2TgusUvP_kRyd6g7iRArNxMOmxkfey6eNEuqzhrxxkMk6gyE5FeSvgn6eVnRVe_ynQIqoaAId-1IOCA-x9El41RV8GHEYRJG-N7IcH-LOIbrEeeng6k207TWDO8uYTZQibxcsfemXKKqk8FGz4eUjwL33NEY6wST8qj3kri83wIls8CUBecpOm8BPAQSSo9xwodxVUltxbphz3z8N2C2yKqXxQQRFyrDSTupPizXEfG79dVpEH8xPVUn7ZP5fCRo0fqOePPiUf4PmGbxIZBEA_o8YmNHlt83_RuhazU9SVv-_1oNecKX5ZcDPV51bgcOvEYu93nBK9TdiNBE3MnJCyr8oPPB7gKZFWBzKmT3TOpkj0oC4XYXRInzqZ6G-7CrD1_0XalPA2w-dFzyNfb16Ps=w1152-h768-no\" alt=\"\"><br \/>\n<em>Le Pr\u00e9sident Gilles Barbieux est fin pr\u00eat<\/em><\/p>\n<p style=\"text-align: center;\"><img decoding=\"async\" src=\"https:\/\/lh3.googleusercontent.com\/CmgV85gNu3RlnPrTda6_S5akDVOZvc9ZePLrRYHI3g9Z-sre6XtWg8_wlIS5pmKk0_Bi-nB1yQ4xhpk0fTEdw3qLKk1mAa6W4IWsstfq1grrbiZbdfobmeQpzbZgN6-2C0swaeuSHvaoiDjmuNBFUlBs4pPM3ehGxpP_hO4QDXwEsKYsi3Z4YWo87_6bkCPh8TBmEYLCp4heCDvByGEQK2hLAdnuiS0zPmTG08_PPWgSlVZ_zO6F_JOEDQTq0YeTsKJaouFkQXpJGRXaWEhK0FqQI2kJXMvs1rpasGvr2V4oLnCSfuIs3R3j_MXrL5ADJfLJuwxdkjefwld4VQQm50UTMNvIK2A7PAPckkAoeoQjGC_Ygb-UEZ7q7QSRHlQkE4TBMQDRuLRvyKQs6L8DVBXH4G29s_UAUhiXcn8cgJpJssSYh8Wwg75es0rIzz0cwNE7asxaXP1WS0dsGmgKqod5SbgiwTj7jZgQgtQoUa4mAn5tWlqgHtsqrvC_m3thw6TMM0ke2W1xF3vbgDXHAuso-BrSxF9XjgrT5CbRPCCDIXHeB35wpMXj460BKe3RvJKP=w1152-h768-no\" alt=\"\"><br \/>\n<em>L\u2019Assembl\u00e9e G\u00e9n\u00e9rale 2015 peut maintenant d\u00e9buter<\/em><\/p>\n<p style=\"text-align: center;\"><img decoding=\"async\" src=\"https:\/\/lh3.googleusercontent.com\/Fyl3y7N6gcHegMKgiexx7paDWk-dDKVQTVG8vcrrnVKvMtw8AZAZAJnqcJTwRNFcQ7_5MyCTT30ZtAWWGtbMONFF7VUrc68J1jFIru124HwIJFX3Nqt9iBh0FgDaoOVI0Ahp4hqNFzA5VJBIXwWpsNWAgIEjrFO7ey_hpVvIkVFajaeuVvGenT87vh4m37GAoyIlp03JkzZaUHqlq8cZhLzmcOpAZ9V57-mduaFRJqBmfsJjrn2a9qSF8a8W6pg9zPoJ9pQi-mDfqMiUICCmOHlJJiy0L37y1TNy6C8B9lXhxLsGvPp_D8ZpGSw4aBLlu_3qXL5EDKbs-S2WhOiRXZQqiJXyQEhD5xOyfKyGcwObYDX6W-L_bgX-MXHtPCMKJJf_Eliar1QcLEbroJ3do_vWC5czInige702i1kK0Tne405iy3eXCiu3YoT-fsikBsXGUGhqLRg9XXw4W_2kwrcAzQgyas25ITtMCXXrJO9lVGPTn_NdDFxqcZ7AFIa9BrIQV4LBH3Lwz-wCo3iF1rAt7-q0AQ451cmpFimEBi7E42XevmlHsy3z3RDFYjCXCvpc=w1152-h768-no\" alt=\"\"><br \/>\n<em>L\u2019auditoire est tout ou\u00efe<\/em><\/p>\n<p style=\"text-align: center;\"><img decoding=\"async\" src=\"https:\/\/lh3.googleusercontent.com\/k96IIgw6QwNKoVfflrF73rytRmWoqTclXMOvjMBI0EvMhzoETCKofJWPLe2aukE4ccw_DYkm3Qkzog6ISW2gOUjTc3wlo5rCJMud0s_xKFwUd5EqRGXCMnl1qkuwnrOvL-ZWSfWzHj2GeEcaqhaLRBuKYHwI1CiO7oWxPZDG5oCIAW_vVZmBSaGxkoYgz7HFCluMq9MZ5wVNd8RWOKsRV1yNbJlv6QgOpcgxHV4-v07DJ27L-SyqytBQ8m-NoQHSmZjICUJXlewy4seOsXgkIVXEgSrXKJz9ZP0sGA_F6ua11bTD7lcMtj6WIwPieMcH3-DSjNIwugUtxyKN9FEl2bmVcS9NxtPMEDTDNkAdMbShAzXcaOrUhS06ZgWPGqwUOOgmlYSO1G7yBcarJksfVLLAn9fxYbn0scaYNWb11E7gFE58AOjDLdrMYHIlCY95IhtPEyh-YbJt54AVjeDXKu3hC-nCECXnVI9aXZf4fnSTV5Nu4CxCGDwatbWB23erU6xQWHUCdqzhynl9mERFw75QIenQNdeap-QeHt9kbmQaW2WTRFUYOcwfhVa_tDkKXRtQ=w1152-h768-no\" alt=\"\"><br \/>\n<em>Les 3 cyclos ayant le plus sorti sont cette ann\u00e9e : Roger Delporte, Laurent L\u00e9cluse et Patrick Lefebvre<\/em><\/p>\n<div>&nbsp;<\/div>\n<div style=\"text-align: center;\"><img decoding=\"async\" src=\"https:\/\/lh3.googleusercontent.com\/70b0jU1rd3mnfBZ2lv0DDNmuyiKC4EecjVrF62ruWNP69Xe9VJ1__BM3VYBs5Mg_TIoarn95URJT8Jif0BuVA4Adquwg-Kt3VB5GaqM4PJG8XzLvCtmFzH18KDViHPmmu_yMOmlHwpurUbaZMjddV-ugwaWqDWgIHxGRSggV8JoQYA2gPf6cAeRxHyk0LAWINWQalvJTZV5sT0t355KoiJ9F_MVRBS_hrsBAYwYcbOVaw3ZY-diy2c4wy01elvV4SQcfBFDfQmYvIwiMQI--mrA2Yh-TYn7pnwquZGQuYwgwB_fQCqNl3miBLWBP6jKL9KHYSda8jgaK8-H-LCOxdV1Os5fnW99De5Z_Y7cWjrWP4Nncfi4SNGFRN-Zhm5oSFx-PSSlGG7AhMZghiMCnp6LL-OMrFywrLPabEa8Rz17CURJX0NBxfSWu0ynNU2f_QXbFcKZlwomC_JMxerXv01ZeFb41_wIjzWe0uchuGeCLSsy66thZBltMwNpmuoHLpWbFOWdq_MhQijV1ql_xQCF42OpT1p9c0sV-oTVLPAV7pbv1X4udvXV2mGzjjKzZ4f_a=w1152-h768-no\" alt=\"\"><br \/>\n<em>Les 3 VTT vainqueurs sont&nbsp; Philippe Valet, David Demagny et Arnaud Fournier (Jean-Louis vainqueur l\u2019ann\u00e9e derni\u00e8re a bien voulu laisser la place)<\/em><\/div>\n<div>&nbsp;<\/div>\n<div style=\"text-align: center;\"><img decoding=\"async\" src=\"https:\/\/lh3.googleusercontent.com\/-A2lD0hzx-T-KbrNjA_nPxssTHjRZ032hJlvnT7N4hflD-NwT9LG9gDiTwRDow49T8eu5W6hRCfvwixg6Og8Ja1YH_mNT6rsH8V7D8l8u3ye8BQrfunQOOB7MgIwQ0UUgzDpbzHZhhByT6s3vbbUBrvwrq1bf_qXxjRbfLvfhX7AMUqBjwJ_Yc03Vn1ZVvo4kUGTDtwpRBwqfcWHRZ9W8HJYZeF1SKpDWrzufOEhwKLt0p2XoPCg-5Bwo8QOrJ7BsC0RSoF8Kc9bebfxQhCtbTwkyIZYAUi5H5VtZeIzVKNiM65oeGgxU7MnZVlCePJ6Uup5zkXn_BPyZEcqQ_mcDZXswTdwxclv5Nfb5pnySZpPcVrHeFJ1k8TSNdZt1O3KYG54F4S3q_9Jx60OwYhu5s2i5AiftlMMM2lhQcQH4wrU6ii6bMleNCoAQWZ6WlzxPnvor4C3iBhJlbL0E_PJdvWF4MjZNfiYXWzHGw3udo0BnceqKqlCC-7nfS-Uhe03EIU_sXSFB8HSYjf0cwtQ1F7wnmSSMZ8vZO93DuO_1YEksonBuYEAEliW897icZA4_Sco=w1152-h768-no\" alt=\"\"><br \/>\n<em>Le Bureau est \u00e9galement r\u00e9compens\u00e9 pour leur disponibilit\u00e9 tout le long de l\u2019ann\u00e9e<\/em><\/div>\n<div>&nbsp;<\/div>\n<div style=\"text-align: center;\"><img decoding=\"async\" src=\"https:\/\/lh3.googleusercontent.com\/ySDO9ethlrCsyrNzl3NSQ6yvHnNoA_mg7RI_Pp4_oYHu0rCIcW_UjmX6sapDdD-B2pmzzHDaCP9gB95OSUi0dW8I1lnvb9ixUL5Pwf-eArSdD0jN5UmD6Y2dpDDFOP1AmPe2WMwvFdwVQLdAf17EIjsT8CpRslbxC8iy-_SBby9U0UXSg42d9rNvpuKClaB93nq-TB3mkx386MYQtRcSIewhFzX-FVNqsm8pTg0Jdjnq93qyQmkoII1J4kcYetJre0Ya9MxCfrbUEQzEghRYi5QSq8lHPRUSDk0IQBEJZsy64lNrkxgJyRPhSgNDSiBCRz8oy45gYSbzaEuVDKHnQBD669hI6q85T9RAuNqXRzl8fhAjT7ytGlKluWpERPLHFFK_KOU1bnKbG-_JiTf9emmsPuvHDA6btZpFLvsWzFuKlo7GgFpNVUmvNAs6grrCDX6QizCsKD0yXKaQYqJzpc2h-77sy9HS0pKZhjc_9RJ4hkgWZoFDIDYakNbB5WYeym8lQzj9qPgq-fpQ9Kdkqf1rS5lMfZaSfmEJWLsZsqfMDFJGacuLjGe0i5HbqgTtIYf-=w1152-h768-no\" alt=\"\"><br \/>\n<em>Les invit\u00e9s d\u2019honneur ne sont pas oubli\u00e9s : Ms Henri Coquelle (maire de Faumont),<\/em><br \/>\n<em>Jean-Claude Hennebicq (pr\u00e9sident de la CODEP59 de la FFCT) et Christian Th\u00e9ron (secr\u00e9taire de la ligue r\u00e9gionale de la FFCT).<\/em><\/div>\n<div>\n<p>Ils repartiront avec une bonne bi\u00e8re et surtout un sachet de chicons, embl\u00e8me de notre fameuse rando de l\u2019hiver qui aura lieu le 17 janvier en ce d\u00e9but 2016.<\/p>\n<p><img decoding=\"async\" src=\"https:\/\/lh3.googleusercontent.com\/CJ8qNb90kVEuonCc5LfzDm8EnC0xt-tt0ns4BTIYHRO-GIboQQ-HWO_Myb5OMLcyjwoI1xnd04OEqQgOkwSQuFwPwAlXS02hSjn0RxjHXCUkPuHhN_L3qGoR_b8xJFzA5dHY39ogjw8lPo9mGtW0IToZxKknRWYAcmjl1dKjnXFwCC3zarmKh67BJUNsg4_-MBSZB2ZLDbzZG82Qb2AxC764CAYFMQvO4JeYS7dzZgB24VDotRtBm4Q7UlVAciDxuv4eHyGuAlC83Xt42wcIJXh5_yQCa35mDOIH4N79Y64hHz-lvUowNPfmIOL19N8BDb7cfeicP_O7Bxg53sCogiV1PI-qibmWbln94T8GSMtQcUVfd24t-ZpP76dh459SpwiRjUBNdEn25ouoYYWQnNxrqONEJ8QpTrBcSWK9oQFsgyIIMkkOJJ-DvSD0p5KdUI8HWV-egWHUt3V7OBVkB1kuvEKNPhPWZaPHq3jHba9dmgzwRmMtS7bKpHO4wj7eXSqvv9j6TOrs2gzvLtW6UJH0__rp9gfCCeKb_Y1FXHiiTLpY3KObOgbos3KnTAmhHLWm=w1152-h768-no\" alt=\"\"><\/p>\n<\/div>\n<div>&nbsp;<\/div>\n<div>Apr\u00e8s l\u2019AG, il est maintenant temps de boire le pot de l\u2019amiti\u00e9\u2026 tout en visionnant la r\u00e9trospective de l\u2019ann\u00e9e 2015 mont\u00e9e par Jean-Louis (voir plus bas pour la voir aussi)<\/div>\n<div>&nbsp;<\/div>\n<div>\n<p><img decoding=\"async\" src=\"https:\/\/lh3.googleusercontent.com\/8Tp3afghFweSoAda_wQ4pFdTohJhaGhzZt1FsWNLUoiN18fLW7A73scfeCr_lBKEeA_fk1BQsrh_konDq6f1ngFRJkL4yFHhqQ0NgiHJO5b-LobsYTg4h9w93phKIum1qXWt8SbP0BYRXTzSGieP93dE-5HqixwxSTZ-2u9WwD_OHd1TKmigezHV73YKvqvdf4p2g3YCGwdYjpp7eoR90sPGk-U0wr_Vo5LVkMXZj94xzkdq9mHIuN22IPoYM9k5CLJf7IE5s9H4ioxRsl8z8mcs4omT2KjWkpKlnGeOTsNjDiTZt9ie-u67kp1UE9IvrjZQkAAbdu-WjV3ksE_I8rTWROyZvgE7m1uW1qHGM74lrbqtIPsjm6sAR-V7Z8M8R4htdc5c7TB-p6mnWHqnmPd8Sd3QHRbBz3LDiF-57zibxD_yQrrQi55oRtiEk4zkz-Sp-Whbsqasu5z64ST-J1dYPf9hCvudMxgc8N6KNsN-Di3EJHBmcvJ8k3aedF_znL6-V5slRL-AsN_cRP9McLOqVqzdL9OJ1b5N3FypwIBrgSx6R6tOR3wTiL_qDaGaRGgs=w1152-h768-no\" alt=\"\"><\/p>\n<\/div>\n<div>&nbsp;<\/div>\n<div>Le Pr\u00e9sident n\u2019oublia pas de rendre hommage aux b\u00e9n\u00e9voles f\u00e9minines qui sont toujours pr\u00e9sentes pour nous \u00e9pauler lors de nos grands rendez-vous tels que le Chicon Bike Tour et la Rando de la Fraise<\/div>\n<div>\n<p style=\"text-align: center;\"><img decoding=\"async\" src=\"https:\/\/lh3.googleusercontent.com\/C496wCWF7uUJLoRnag1EGP-z9AmgDFau7ZZU0mBLp6NqXcrrruwPEowtrbK6D59LU6nRNrSbmN6K9kh7wBFBNk2fW-CgVyXpOTo11kv1vpJxSg-RvES3d5IWseWznFIRGjMWheeUiGNtHDsTCAsS_Ak7iAjwoAaEYDrieUdtASXTD53u5a2KnQ98R0h8Bjj3S8KNpe8UVmIRtIJSr9tr4Hqbj1HAfpvlf8Xg8oar_3syCFnyIQuhlUsEL5HQjC7sMXf-rdnYj3lo7Alb8rkZAKyd_ko0h3Ja9BASfTJnBVb53GGiukxXjovCrLfA-4CWCi9137zLuVuBhkubg9_AgcJtnD_m5Vhx04sqzhiy5iUEs7Ck9Zah5vo1m7mjFh5Xshr3HDsFi9k3WuMc61hv445QeCOSpubBI2i-KBSg8K6Yyxbzy_2EnTiuFextEZ0EPRxlrC3c-YLB4igrDnQZvoJFXak6bDlHROPPnQkJWHwp80Jw0z1JEI0cUX_JF6jF780McTV0YF9SZAGmj52czG4OwqMD-YuTLa-JZAHI_ysb6LdI0_2LkCkvU8u_ghHm_Aas=w1152-h768-no\" alt=\"\"><br \/>\n<em>Photo souvenir<\/em><\/p>\n<p><a href=\"https:\/\/photos.google.com\/share\/AF1QipN4GvsgIQ6t-hCwqC47ds8CTS7KOvzfYyLvy2SRffuKwqI9ButnQQb3J9znLbeUHA?key=TXJtbTR6amRNOU9wcDNhaFBNRlR6MkZVbFp6U3BB\" target=\"_blank\">Toutes les photos de l\u2019Assembl\u00e9e G\u00e9n\u00e9rale sont visibles ici<\/a><\/p>\n<\/div>\n<p style=\"text-align: center;\">Diaporama de la R\u00e9tro 2015 :<\/p>\n<p style=\"text-align: center;\"><iframe loading=\"lazy\" src=\"https:\/\/www.youtube.com\/embed\/NF7HPEPHRxA\" allowfullscreen=\"allowfullscreen\" data-mce-fragment=\"1\" width=\"100%\" height=\"600\" frameborder=\"0\"><\/iframe><\/p>\n<\/div>\n<\/div>\n<\/div>\n<\/div>\n<\/div>\n<\/div>\n","protected":false},"excerpt":{"rendered":"<p>C\u2019est ce dimanche 13 d\u00e9cembre 2015 qu\u2019avait lieu notre Assembl\u00e9e G\u00e9n\u00e9rale de fin d\u2019ann\u00e9e. Ce fut l\u2019occasion de s\u2019inscrire pour la saison 2016, de pr\u00e9senter aux membres le bilan financier&#8230;<\/p>\n","protected":false},"author":1,"featured_media":0,"parent":30,"menu_order":0,"comment_status":"closed","ping_status":"closed","template":"","meta":{"ngg_post_thumbnail":0,"jetpack_post_was_ever_published":false,"two_page_speed":[],"footnotes":""},"class_list":["post-772","page","type-page","status-publish","hentry"],"jetpack_sharing_enabled":true,"jetpack_shortlink":"https:\/\/wp.me\/P8bXJp-cs","_links":{"self":[{"href":"https:\/\/veloclubfaumont.fr\/index.php\/wp-json\/wp\/v2\/pages\/772","targetHints":{"allow":["GET"]}}],"collection":[{"href":"https:\/\/veloclubfaumont.fr\/index.php\/wp-json\/wp\/v2\/pages"}],"about":[{"href":"https:\/\/veloclubfaumont.fr\/index.php\/wp-json\/wp\/v2\/types\/page"}],"author":[{"embeddable":true,"href":"https:\/\/veloclubfaumont.fr\/index.php\/wp-json\/wp\/v2\/users\/1"}],"replies":[{"embeddable":true,"href":"https:\/\/veloclubfaumont.fr\/index.php\/wp-json\/wp\/v2\/comments?post=772"}],"version-history":[{"count":0,"href":"https:\/\/veloclubfaumont.fr\/index.php\/wp-json\/wp\/v2\/pages\/772\/revisions"}],"up":[{"embeddable":true,"href":"https:\/\/veloclubfaumont.fr\/index.php\/wp-json\/wp\/v2\/pages\/30"}],"wp:attachment":[{"href":"https:\/\/veloclubfaumont.fr\/index.php\/wp-json\/wp\/v2\/media?parent=772"}],"curies":[{"name":"wp","href":"https:\/\/api.w.org\/{rel}","templated":true}]}}